{"id":1660,"date":"2017-07-19T19:57:56","date_gmt":"2017-07-19T17:57:56","guid":{"rendered":"http:\/\/www.birds-online.de\/wp\/?page_id=1660"},"modified":"2024-03-05T06:51:54","modified_gmt":"2024-03-05T05:51:54","slug":"featherduster","status":"publish","type":"page","link":"https:\/\/www.birds-online.de\/wp\/bo\/gesundheit-handicaps\/gesundheit\/gefiederstoerungen\/featherduster\/","title":{"rendered":"Featherduster"},"content":{"rendered":"\t\t\t<!-- Flexy Breadcrumb -->\r\n\t\t\t<div class=\"fbc fbc-page\">\r\n\r\n\t\t\t\t<!-- Breadcrumb wrapper -->\r\n\t\t\t\t<div class=\"fbc-wrap\">\r\n\r\n\t\t\t\t\t<!-- Ordered list-->\r\n\t\t\t\t\t<ol class=\"fbc-items\" itemscope itemtype=\"https:\/\/schema.org\/BreadcrumbList\">\r\n\t\t\t\t\t\t            <li itemprop=\"itemListElement\" itemscope itemtype=\"https:\/\/schema.org\/ListItem\">\r\n                <span itemprop=\"name\">\r\n                    <!-- Home Link -->\r\n                    <a itemprop=\"item\" href=\"https:\/\/www.birds-online.de\/wp\">\r\n                    \r\n                                                    <i class=\"fa fa-home\" aria-hidden=\"true\"><\/i>                    <\/a>\r\n                <\/span>\r\n                <meta itemprop=\"position\" content=\"1\" \/><!-- Meta Position-->\r\n             <\/li><li><span class=\"fbc-separator\">>><\/span><\/li><li class=\"active\" itemprop=\"itemListElement\" itemscope itemtype=\"https:\/\/schema.org\/ListItem\"><span itemprop=\"name\" title=\"Featherduster\">Featherduster<\/span><meta itemprop=\"position\" content=\"2\" \/><\/li>\t\t\t\t\t<\/ol>\r\n\t\t\t\t\t<div class=\"clearfix\"><\/div>\r\n\t\t\t\t<\/div>\r\n\t\t\t<\/div>\r\n\t\t\t\n\n\n\n<h2 class=\"wp-block-heading\">Featherduster<\/h2>\n\n\n\n<div style=\"height:40px\" aria-hidden=\"true\" class=\"wp-block-spacer\"><\/div>\n\n\n<div class=\"su-note\"  style=\"border-color:#badda9;border-radius:3px;-moz-border-radius:3px;-webkit-border-radius:3px;\"><div class=\"su-note-inner su-u-clearfix su-u-trim\" style=\"background-color:#d4f7c3;border-color:#ffffff;color:#333333;border-radius:3px;-moz-border-radius:3px;-webkit-border-radius:3px;\"><strong>Achtung:<\/strong>\u00a0Die auf Birds-Online.de angebotenen Texte und Bilder rund um das Thema Erkrankungen von V\u00f6geln sind als Informationsquelle gedacht. Bitte bringen Sie Ihre erkrankten V\u00f6gel immer schnellstm\u00f6glich zu einem fachkundigen Tierarzt!<\/div><\/div>\n\n\n\n<div style=\"height:40px\" aria-hidden=\"true\" class=\"wp-block-spacer\"><\/div>\n\n\n<div class=\"wp-block-image\">\n<figure class=\"alignright is-resized\"><a href=\"https:\/\/www.birds-online.de\/wp-content\/uploads\/2018\/03\/featherduster01-1.jpg\" data-src=\"https:\/\/www.birds-online.de\/wp-content\/uploads\/2018\/03\/featherduster01-1.jpg\" data-thumb=\"https:\/\/www.birds-online.de\/wp-content\/uploads\/2018\/03\/featherduster01-1.jpg\" class=\"ml-lightbox-enabled\"><img loading=\"lazy\" decoding=\"async\" width=\"600\" height=\"800\" src=\"https:\/\/www.birds-online.de\/wp-content\/uploads\/2018\/03\/featherduster01-1.jpg\" alt=\"Dieser Wellensittich ist ein sogenannter Featherduster.\" class=\"wp-image-3361\" style=\"width:300px\" srcset=\"https:\/\/www.birds-online.de\/wp-content\/uploads\/2018\/03\/featherduster01-1.jpg 600w, https:\/\/www.birds-online.de\/wp-content\/uploads\/2018\/03\/featherduster01-1-225x300.jpg 225w\" sizes=\"auto, (max-width: 600px) 100vw, 600px\" \/><\/a><figcaption class=\"wp-element-caption\">Dieser Wellensittich ist ein sogenannter Featherduster.<\/figcaption><\/figure>\n<\/div>\n\n\n<p>Wellensittiche kommen heute in allen erdenklichen Farbvarianten, mit verschiedenen Gefiederzeichnungen und in unterschiedlichen Gr\u00f6\u00dfen vor. Um all diese abweichenden Erscheinungsformen aus der Urform, dem wildfarbenen, gr\u00fcnen Wellensittich, zu z\u00fcchten, wurde in den vergangenen 200 Jahren ausgiebig an den Zuchtmethoden gefeilt, was leider nicht immer zum Wohl der V\u00f6gel geschehen ist. Im Rahmen dieser intensiven Zuchtbem\u00fchungen sind auch Eigenschaften zu Tage getreten, die alles andere als positiv sind: ein extremes Federwachstum, das den K\u00f6rper der betroffenen V\u00f6gel \u00fcber alle Ma\u00dfen stra\u00dfaziert. Was es damit auf sich hat, erkl\u00e4rt dieses Kapitel.<\/p>\n\n\n\n<p>Es hat sich zum Herausstellen bestimmter Extremmerkmale vor allem in der Zucht von Wellensittichen, die auf Ausstellungen gezeigt werden (sogenannte Schauwellensittichzucht) als hilfreich erwiesen, Inzucht zu betreiben. Zwar werden dadurch oft die gew\u00fcnschten Gefiedermerkmale erzielt, aber auch das Auftreten unerw\u00fcnschter Erbanlagen und erblich bedingter Erkrankungen wird durch die Inzucht gef\u00f6rdert. Ein bei Wellensittichen von Zeit zu Zeit auftretender, bestimmter genetischer Defekt steht mit dem sogenannten Featherduster-Syndrom (&#8220;feather duster syndrome&#8221; auf Englisch) in Zusammenhang. Es ist durchaus denkbar, dass die Entstehung dieser genetischen St\u00f6rung durch fr\u00fchere massive Inzucht gef\u00f6rdert worden ist, bewiesen ist dies jedoch bislang nicht.<\/p>\n\n\n<div class=\"wp-block-image\">\n<figure class=\"alignright\"><a href=\"https:\/\/www.birds-online.de\/wp-content\/uploads\/2018\/03\/featherduster-emilio08.jpg\" data-src=\"https:\/\/www.birds-online.de\/wp-content\/uploads\/2018\/03\/featherduster-emilio08.jpg\" data-thumb=\"https:\/\/www.birds-online.de\/wp-content\/uploads\/2018\/03\/featherduster-emilio08-300x225.jpg\" class=\"ml-lightbox-enabled\"><img loading=\"lazy\" decoding=\"async\" width=\"300\" height=\"225\" src=\"https:\/\/www.birds-online.de\/wp-content\/uploads\/2018\/03\/featherduster-emilio08-300x225.jpg\" alt=\"Featherduster-Wellensittiche wie dieses M\u00e4nnchen namens Emilio haben leider nur eine geringe Lebenserwartung.\" class=\"wp-image-3363\" srcset=\"https:\/\/www.birds-online.de\/wp-content\/uploads\/2018\/03\/featherduster-emilio08-300x225.jpg 300w, https:\/\/www.birds-online.de\/wp-content\/uploads\/2018\/03\/featherduster-emilio08-768x576.jpg 768w, https:\/\/www.birds-online.de\/wp-content\/uploads\/2018\/03\/featherduster-emilio08-700x525.jpg 700w, https:\/\/www.birds-online.de\/wp-content\/uploads\/2018\/03\/featherduster-emilio08.jpg 800w\" sizes=\"auto, (max-width: 300px) 100vw, 300px\" \/><\/a><figcaption class=\"wp-element-caption\">Featherduster-Wellensittiche wie dieses M\u00e4nnchen namens Emilio haben leider nur eine geringe Lebenserwartung.<\/figcaption><\/figure>\n<\/div>\n\n\n<p>Unter dem Featherduster-Syndrom versteht man eine Gefiederwachstumsst\u00f6rung, die dazu f\u00fchrt, dass das Gefieder der betroffenen V\u00f6gel unaufh\u00f6rlich weiter w\u00e4chst. Bei manchen V\u00f6geln wachsen zudem die Krallen sowie der Schnabel unaufh\u00f6rlich in hohem Tempo. Mit dem Featherduster-Syndrom sind f\u00fcr die betroffenen Tiere einige gravierende Gesundheitsst\u00f6rungen verbunden. Zudem verausgabt sich der Organismus bei der st\u00e4ndigen Federbildung so sehr, dass die erkrankten V\u00f6gel eine sehr geringe Lebenserwartung haben. Die meisten Featherduster, so nennt man die betroffenen V\u00f6gel, werden nicht \u00e4lter als ein Jahr, viele sterben sogar erheblich fr\u00fcher. Der englische Begriff hat sich auch in der deutschsprachigen Fachwelt eingeb\u00fcrgert, \u00fcbersetzt bedeutet er so viel &#8220;Staubwedel&#8221;.<\/p>\n\n\n\n<div style=\"height:40px\" aria-hidden=\"true\" class=\"wp-block-spacer\"><\/div>\n\n\n\n<div class=\"wp-block-columns is-layout-flex wp-container-core-columns-is-layout-9d6595d7 wp-block-columns-is-layout-flex\">\n<div class=\"wp-block-column is-layout-flow wp-block-column-is-layout-flow\" style=\"flex-basis:45%\">\n<figure class=\"wp-block-image size-large\"><a href=\"https:\/\/www.birds-online.de\/wp-content\/uploads\/2018\/03\/featherduster-leonie01.jpg\" data-src=\"https:\/\/www.birds-online.de\/wp-content\/uploads\/2018\/03\/featherduster-leonie01.jpg\" data-thumb=\"https:\/\/www.birds-online.de\/wp-content\/uploads\/2018\/03\/featherduster-leonie01-700x525.jpg\" class=\"ml-lightbox-enabled\"><img loading=\"lazy\" decoding=\"async\" width=\"700\" height=\"525\" src=\"https:\/\/www.birds-online.de\/wp-content\/uploads\/2018\/03\/featherduster-leonie01-700x525.jpg\" alt=\"Das junge Wellensittichweibchen Leonie ist ein Featherduster.\" class=\"wp-image-3364\" srcset=\"https:\/\/www.birds-online.de\/wp-content\/uploads\/2018\/03\/featherduster-leonie01-700x525.jpg 700w, https:\/\/www.birds-online.de\/wp-content\/uploads\/2018\/03\/featherduster-leonie01-300x225.jpg 300w, https:\/\/www.birds-online.de\/wp-content\/uploads\/2018\/03\/featherduster-leonie01-768x576.jpg 768w, https:\/\/www.birds-online.de\/wp-content\/uploads\/2018\/03\/featherduster-leonie01.jpg 800w\" sizes=\"auto, (max-width: 700px) 100vw, 700px\" \/><\/a><figcaption class=\"wp-element-caption\">Das junge Wellensittichweibchen Leonie ist ein Featherduster.<\/figcaption><\/figure>\n<\/div>\n\n\n\n<div class=\"wp-block-column is-layout-flow wp-block-column-is-layout-flow\" style=\"flex-basis:10%\"><\/div>\n\n\n\n<div class=\"wp-block-column is-layout-flow wp-block-column-is-layout-flow\" style=\"flex-basis:45%\">\n<figure class=\"wp-block-image size-large\"><a href=\"https:\/\/www.birds-online.de\/wp-content\/uploads\/2018\/03\/featherduster-daisy02.jpg\" data-src=\"https:\/\/www.birds-online.de\/wp-content\/uploads\/2018\/03\/featherduster-daisy02.jpg\" data-thumb=\"https:\/\/www.birds-online.de\/wp-content\/uploads\/2018\/03\/featherduster-daisy02-700x525.jpg\" class=\"ml-lightbox-enabled\"><img loading=\"lazy\" decoding=\"async\" width=\"700\" height=\"525\" src=\"https:\/\/www.birds-online.de\/wp-content\/uploads\/2018\/03\/featherduster-daisy02-700x525.jpg\" alt=\"Wie es f\u00fcr Featherduster-Wellensittiche typisch ist, hat das Weibchen Daisy sehr lange Federn.\" class=\"wp-image-3362\" srcset=\"https:\/\/www.birds-online.de\/wp-content\/uploads\/2018\/03\/featherduster-daisy02-700x525.jpg 700w, https:\/\/www.birds-online.de\/wp-content\/uploads\/2018\/03\/featherduster-daisy02-300x225.jpg 300w, https:\/\/www.birds-online.de\/wp-content\/uploads\/2018\/03\/featherduster-daisy02-768x576.jpg 768w, https:\/\/www.birds-online.de\/wp-content\/uploads\/2018\/03\/featherduster-daisy02.jpg 800w\" sizes=\"auto, (max-width: 700px) 100vw, 700px\" \/><\/a><figcaption class=\"wp-element-caption\">Wie es f\u00fcr Featherduster-Wellensittiche typisch ist, hat das Weibchen Daisy sehr lange Federn.<\/figcaption><\/figure>\n<\/div>\n<\/div>\n\n\n\n<p>Bedauerlicherweise ist die mit dem Featherduster-Syndrom einhergehende Gefiederst\u00f6rung nicht heilbar. Man kann den betroffenen V\u00f6geln das kurze Leben dennoch relativ angenehm gestalten, wenn man ihre sehr speziellen Anforderungen an die <a href=\"https:\/\/www.birds-online.de\/wp\/bo\/ernaehrung\/\">Ern\u00e4hrung<\/a> sowie an die K\u00f6rperpflege und die sonstigen Haltungsbedingungen kennt.<\/p>\n\n\n\n<p>In ihrem Gutachten zur Auslegung von Paragraf 11b des Tierschutzgesetzes f\u00fchrt die Sachverst\u00e4ndigengruppe Tierschutz und Heimtierzucht des Bundesministeriums f\u00fcr Ern\u00e4hrung und Landwirtschaft die Featherduster unter den Qualzuchten, siehe <a href=\"https:\/\/www.bmel.de\/SharedDocs\/Downloads\/DE\/_Tiere\/Tierschutz\/Gutachten-Leitlinien\/Qualzucht.pdf;jsessionid=92FB0883F477FAB7A2E017783F8505F6.live842?__blob=publicationFile&amp;v=2\" target=\"_blank\" rel=\"noopener\">PDF-Datei vom 26.10.2005, S. 77<\/a>.<\/p>\n\n\n\n<div style=\"height:40px\" aria-hidden=\"true\" class=\"wp-block-spacer\"><\/div>\n\n\n<div class=\"su-box su-box-style-soft\" id=\"\" style=\"border-color:#c7a85f;border-radius:3px;max-width:none\"><div class=\"su-box-title\" style=\"background-color:#fadb92;color:#ff0000;border-top-left-radius:1px;border-top-right-radius:1px\">Weiterer Lesetipp zum Thema<\/div><div class=\"su-box-content su-u-clearfix su-u-trim\" style=\"border-bottom-left-radius:1px;border-bottom-right-radius:1px\">\n\n<!-- Page-list plugin v.5.9 wordpress.org\/plugins\/page-list\/ -->\n<div class=\"page-list page-list-ext \">\n<div class=\"page-list-ext-item\"><div class=\"page-list-ext-image\"><a href=\"https:\/\/www.birds-online.de\/wp\/bo\/gesundheit-handicaps\/handicaps\/featherduster\/featherduster-erfahrungsbericht\/\" title=\"Erfahrungsbericht \u00fcber einen Featherduster-Wellensittich\"><img decoding=\"async\" src=\"https:\/\/www.birds-online.de\/wp-content\/uploads\/2018\/10\/beitragsbild_bericht_featherduster-150x150.jpg\" width=\"100\" alt=\"Erfahrungsbericht \u00fcber einen Featherduster-Wellensittich\" \/><\/a><\/div> <h3 class=\"page-list-ext-title\"><a href=\"https:\/\/www.birds-online.de\/wp\/bo\/gesundheit-handicaps\/handicaps\/featherduster\/featherduster-erfahrungsbericht\/\" title=\"Erfahrungsbericht \u00fcber einen Featherduster-Wellensittich\">Erfahrungsbericht \u00fcber einen Featherduster-Wellensittich<\/a><\/h3><div class=\"page-list-ext-item-content\">Bericht \u00fcber den herausfordernden Alltag mit  Featherduster-Wellensittichen<\/div><\/div>\n\n<\/div>\n<\/div><\/div>\n","protected":false},"excerpt":{"rendered":"<p>Was sind Featherduster-Wellensittiche und wie entsteht diese schwere Befiederungsst\u00f6rung?<\/p>\n","protected":false},"author":1,"featured_media":3360,"parent":1626,"menu_order":4,"comment_status":"closed","ping_status":"closed","template":"","meta":{"footnotes":""},"class_list":["post-1660","page","type-page","status-publish","has-post-thumbnail","hentry"],"_links":{"self":[{"href":"https:\/\/www.birds-online.de\/wp\/wp-json\/wp\/v2\/pages\/1660","targetHints":{"allow":["GET"]}}],"collection":[{"href":"https:\/\/www.birds-online.de\/wp\/wp-json\/wp\/v2\/pages"}],"about":[{"href":"https:\/\/www.birds-online.de\/wp\/wp-json\/wp\/v2\/types\/page"}],"author":[{"embeddable":true,"href":"https:\/\/www.birds-online.de\/wp\/wp-json\/wp\/v2\/users\/1"}],"replies":[{"embeddable":true,"href":"https:\/\/www.birds-online.de\/wp\/wp-json\/wp\/v2\/comments?post=1660"}],"version-history":[{"count":0,"href":"https:\/\/www.birds-online.de\/wp\/wp-json\/wp\/v2\/pages\/1660\/revisions"}],"up":[{"embeddable":true,"href":"https:\/\/www.birds-online.de\/wp\/wp-json\/wp\/v2\/pages\/1626"}],"wp:featuredmedia":[{"embeddable":true,"href":"https:\/\/www.birds-online.de\/wp\/wp-json\/wp\/v2\/media\/3360"}],"wp:attachment":[{"href":"https:\/\/www.birds-online.de\/wp\/wp-json\/wp\/v2\/media?parent=1660"}],"curies":[{"name":"wp","href":"https:\/\/api.w.org\/{rel}","templated":true}]}}