{"id":692,"date":"2017-07-13T15:18:01","date_gmt":"2017-07-13T13:18:01","guid":{"rendered":"http:\/\/www.birds-online.de\/wp\/?page_id=692"},"modified":"2024-04-16T07:56:28","modified_gmt":"2024-04-16T05:56:28","slug":"neues-vom-20-6-2006","status":"publish","type":"page","link":"https:\/\/www.birds-online.de\/wp\/bo\/dies-und-das\/tierschutz-aktionen\/43-wellis-in-not\/nachrichtenarchiv\/neues-vom-20-6-2006\/","title":{"rendered":"Neues vom 20.6.2006"},"content":{"rendered":"\t\t\t<!-- Flexy Breadcrumb -->\r\n\t\t\t<div class=\"fbc fbc-page\">\r\n\r\n\t\t\t\t<!-- Breadcrumb wrapper -->\r\n\t\t\t\t<div class=\"fbc-wrap\">\r\n\r\n\t\t\t\t\t<!-- Ordered list-->\r\n\t\t\t\t\t<ol class=\"fbc-items\" itemscope itemtype=\"https:\/\/schema.org\/BreadcrumbList\">\r\n\t\t\t\t\t\t            <li itemprop=\"itemListElement\" itemscope itemtype=\"https:\/\/schema.org\/ListItem\">\r\n                <span itemprop=\"name\">\r\n                    <!-- Home Link -->\r\n                    <a itemprop=\"item\" href=\"https:\/\/www.birds-online.de\/wp\">\r\n                    \r\n                                                    <i class=\"fa fa-home\" aria-hidden=\"true\"><\/i>                    <\/a>\r\n                <\/span>\r\n                <meta itemprop=\"position\" content=\"1\" \/><!-- Meta Position-->\r\n             <\/li><li><span class=\"fbc-separator\">>><\/span><\/li><li class=\"active\" itemprop=\"itemListElement\" itemscope itemtype=\"https:\/\/schema.org\/ListItem\"><span itemprop=\"name\" title=\"Neues vom 20.6.2006\">Neues vom 20.6.2006<\/span><meta itemprop=\"position\" content=\"2\" \/><\/li>\t\t\t\t\t<\/ol>\r\n\t\t\t\t\t<div class=\"clearfix\"><\/div>\r\n\t\t\t\t<\/div>\r\n\t\t\t<\/div>\r\n\t\t\t\n\n\n\n<h2 class=\"wp-block-heading\">Neues vom 20.6.2006<\/h2>\n\n\n\n<p>Liebe Vogelfreund*innen,<\/p>\n\n\n<div class=\"wp-block-image\">\n<figure class=\"alignright is-resized\"><a href=\"https:\/\/www.birds-online.de\/wp-content\/uploads\/2020\/06\/43_dortmund-wellis151.jpg\" data-src=\"https:\/\/www.birds-online.de\/wp-content\/uploads\/2020\/06\/43_dortmund-wellis151.jpg\" data-thumb=\"https:\/\/www.birds-online.de\/wp-content\/uploads\/2020\/06\/43_dortmund-wellis151.jpg\" class=\"ml-lightbox-enabled\"><img loading=\"lazy\" decoding=\"async\" width=\"600\" height=\"800\" src=\"https:\/\/www.birds-online.de\/wp-content\/uploads\/2020\/06\/43_dortmund-wellis151.jpg\" alt=\"Dolores ist einer der sechs V\u00f6gel, die nun erneut negativ auf PBFD getestet wurden\" class=\"wp-image-17917\" style=\"width:300px\" srcset=\"https:\/\/www.birds-online.de\/wp-content\/uploads\/2020\/06\/43_dortmund-wellis151.jpg 600w, https:\/\/www.birds-online.de\/wp-content\/uploads\/2020\/06\/43_dortmund-wellis151-225x300.jpg 225w\" sizes=\"auto, (max-width: 600px) 100vw, 600px\" \/><\/a><figcaption class=\"wp-element-caption\">Dolores ist einer der sechs V\u00f6gel, die nun erneut negativ auf PBFD getestet wurden<\/figcaption><\/figure>\n<\/div>\n\n\n<p>ich h\u00e4tte mich sehr gern schon viel fr\u00fcher wieder mit Neuigkeiten von den geretteten Wellensittichen gemeldet, aber die Technik hat gestreikt. Beinahe sieben Wochen lang war mein Internetzugang defekt, ich konnte deshalb keine aktuellen Meldungen an dieser Stelle ver\u00f6ffentlichen. Das m\u00f6chte ich heute gern nachholen.<\/p>\n\n\n\n<p>Wie sich vielleicht einige von Ihnen erinnern werden, sind bis auf sechs Sittiche alle geretteten Wellis in ihr jeweiliges endg\u00fcltiges Zuhause umgezogen. In einer Pflegestelle bei Bielefeld warteten Sternchen, ihr Mann Sam 1, Edda, Bonita, Ian und Dolores seit Monaten darauf, dass sie endlich ein zweites Mal auf <a href=\"https:\/\/www.birds-online.de\/wp\/bo\/gesundheit-handicaps\/gesundheit\/gefiederstoerungen\/virusinfektion-pbfd\/\">PBFD<\/a> getestet werden konnten, nachdem ihr erster Test negativ ausgefallen war. Der zweite Test war n\u00f6tig, weil die Menschen, die Interesse an der Adoption dieser V\u00f6gel bekundet hatten, sich nicht auf nur ein negatives Testergebnis verlassen wollten. Was verst\u00e4ndlich ist, denn es kann bei PBFD immer mal falsch-negative Testergebnisse geben, und mit der Krankheit ist wirklich nicht zu spa\u00dfen.<\/p>\n\n\n\n<p>Der zweite Testlauf hatte eigentlich im April durchgef\u00fchrt werden sollen. Jedoch schien das Pech den V\u00f6geln buchst\u00e4blich am Gefieder zu kleben, denn eine Verkettung widrige Umst\u00e4nde verursachte letztlich eine Verz\u00f6gerung bis Anfang Mai. Als endlich die Proben entnommen und zum Labor geschickt worden waren, sorgte eine Feiertagsanh\u00e4ufung daf\u00fcr, dass wir auf die Testergebnisse \u00fcberdurchschnittlich lange warten mussten. Ende Mai traf dann endlich der lang ersehnte Brief aus dem Labor ein: Alle sechs V\u00f6gel waren erneut negativ auf PBFD getestet worden!<\/p>\n\n\n<div class=\"wp-block-image\">\n<figure class=\"alignright\"><a href=\"https:\/\/www.birds-online.de\/wp-content\/uploads\/2020\/06\/43_dortmund-wellis149.jpg\" data-src=\"https:\/\/www.birds-online.de\/wp-content\/uploads\/2020\/06\/43_dortmund-wellis149.jpg\" data-thumb=\"https:\/\/www.birds-online.de\/wp-content\/uploads\/2020\/06\/43_dortmund-wellis149-300x225.jpg\" class=\"ml-lightbox-enabled\"><img loading=\"lazy\" decoding=\"async\" width=\"300\" height=\"225\" src=\"https:\/\/www.birds-online.de\/wp-content\/uploads\/2020\/06\/43_dortmund-wellis149-300x225.jpg\" alt=\"Edda und Ian haben einander gefunden\" class=\"wp-image-17915\" srcset=\"https:\/\/www.birds-online.de\/wp-content\/uploads\/2020\/06\/43_dortmund-wellis149-300x225.jpg 300w, https:\/\/www.birds-online.de\/wp-content\/uploads\/2020\/06\/43_dortmund-wellis149-768x576.jpg 768w, https:\/\/www.birds-online.de\/wp-content\/uploads\/2020\/06\/43_dortmund-wellis149-700x525.jpg 700w, https:\/\/www.birds-online.de\/wp-content\/uploads\/2020\/06\/43_dortmund-wellis149.jpg 800w\" sizes=\"auto, (max-width: 300px) 100vw, 300px\" \/><\/a><figcaption class=\"wp-element-caption\">Edda und Ian haben einander gefunden<\/figcaption><\/figure>\n<\/div>\n\n\n<p>Dem Helfer-Team fiel ein Stein vom Herzen, denn die V\u00f6gel w\u00fcrden nun tats\u00e4chlich bald zu ihren neuen Besitzern ziehen k\u00f6nnen, sofern diese nach wie vor Interesse an den Tieren haben w\u00fcrden. Es gab da nur ein kleines &#8220;Problem&#8221;: Zwischen Edda und Ian hatte es in der Zwischenzeit m\u00e4chtig gefunkt und wir h\u00e4tten die beiden trennen m\u00fcssen, h\u00e4tten wir die V\u00f6gel so an die Interessenten vermittelt, wie es vor Monaten festgelegt worden war. Das wollten wir nat\u00fcrlich nicht, denn wo die Liebe hinf\u00e4llt, da sollte man sie auch lassen. \ud83d\ude09<\/p>\n\n\n\n<p>Also wurden die beiden Interessenten dar\u00fcber informiert und ihnen wurde Bedenkzeit einger\u00e4umt, ob sie gegebenenfalls ein P\u00e4rchen anstelle eines einzelnen Vogels zu ihren V\u00f6geln holen wollen w\u00fcrden oder ob sie unter diesen Umst\u00e4nden von einer Adoption der V\u00f6gel absehen wollen w\u00fcrden. Nun bleibt zu hoffen, dass sie sich bald endg\u00fcltig entscheiden werden, damit die V\u00f6gel vermittelt werden k\u00f6nnen &#8211; nat\u00fcrlich nur als Paar.<\/p>\n\n\n<div class=\"wp-block-image\">\n<figure class=\"alignright\"><a href=\"https:\/\/www.birds-online.de\/wp-content\/uploads\/2020\/06\/43_dortmund-wellis150.jpg\" data-src=\"https:\/\/www.birds-online.de\/wp-content\/uploads\/2020\/06\/43_dortmund-wellis150.jpg\" data-thumb=\"https:\/\/www.birds-online.de\/wp-content\/uploads\/2020\/06\/43_dortmund-wellis150-300x225.jpg\" class=\"ml-lightbox-enabled\"><img loading=\"lazy\" decoding=\"async\" width=\"300\" height=\"225\" src=\"https:\/\/www.birds-online.de\/wp-content\/uploads\/2020\/06\/43_dortmund-wellis150-300x225.jpg\" alt=\"Du wirst sehr vermisst, lieber Sam 2 - hoffentlich geht es Dir gut!\" class=\"wp-image-17916\" srcset=\"https:\/\/www.birds-online.de\/wp-content\/uploads\/2020\/06\/43_dortmund-wellis150-300x225.jpg 300w, https:\/\/www.birds-online.de\/wp-content\/uploads\/2020\/06\/43_dortmund-wellis150-768x576.jpg 768w, https:\/\/www.birds-online.de\/wp-content\/uploads\/2020\/06\/43_dortmund-wellis150-700x525.jpg 700w, https:\/\/www.birds-online.de\/wp-content\/uploads\/2020\/06\/43_dortmund-wellis150.jpg 800w\" sizes=\"auto, (max-width: 300px) 100vw, 300px\" \/><\/a><figcaption class=\"wp-element-caption\">Du wirst sehr vermisst, lieber Sam 2 &#8211; hoffentlich geht es Dir gut!<\/figcaption><\/figure>\n<\/div>\n\n\n<p>Eine sehr traurige Neuigkeit gibt es \u00fcber den zauberhaften jungen Vogelmann Sam 2, der am 6. Dezember 2005 gemeinsam mit seiner Gef\u00e4hrtin Fluse in ein neues Zuhause in M\u00fclheim an der Ruhr gezogen war. Seine PBFD-Erkrankung \u00e4u\u00dferte sich seinerzeit kaum, ihm war ein wundersch\u00f6nes Gefieder gewachsen, und zusammen mit Fluse hat er es sich in seinem neuen Zuhause gut gehen lassen. Die beiden sind ein liebevolles Paar geworden, aber ihr Gl\u00fcck endete j\u00e4h am 7. Juni 2006. Sam 2 entwischte durch die von einem Windsto\u00df ge\u00f6ffnete Balkont\u00fcr nach drau\u00dfen und wurde bisher leider nicht wiedergefunden. Immerhin hatte Fluse Gl\u00fcck im Ungl\u00fcck. Sie trauerte sehr um ihren verschollenen Partner, aber wenige Tage nach seinem Verschwinden zog ein neuer Freund zu ihr. Denn wie es der Zufall gewollt hatte, suchte zur selben Zeit, als Sam 2 entflog, ein einsamer PBFD-infizierter Wellensittichmann aus der Nachbarstadt ein neues Zuhause.<\/p>\n\n\n\n<p>Lieber Sam 2, wo auch immer Du nun sein magst, ich hoffe, dass Du bei Deinem gro\u00dfen Abenteuer keinem Beutegreifer zum Opfer gefallen bist und den Weg zu lieben Menschen gefunden hast, die sich gut um Dich k\u00fcmmern. Kleiner Freund, ich w\u00fcnschte, Du w\u00fcrdest wieder auftauchen, aber ich habe ehrlich gesagt kaum noch Hoffnung, dass wir Dich jemals wiedersehen werden &#8230; \ud83d\ude41<\/p>\n\n\n\n<p>Das Titelbild dieser Seite zeigt unseren leider verschollenen Sch\u00fctzling Sam 2.<\/p>\n","protected":false},"excerpt":{"rendered":"<p>Nachrichten vom 20.6.2006<\/p>\n","protected":false},"author":1,"featured_media":17999,"parent":604,"menu_order":55,"comment_status":"closed","ping_status":"closed","template":"","meta":{"footnotes":""},"class_list":["post-692","page","type-page","status-publish","has-post-thumbnail","hentry"],"_links":{"self":[{"href":"https:\/\/www.birds-online.de\/wp\/wp-json\/wp\/v2\/pages\/692","targetHints":{"allow":["GET"]}}],"collection":[{"href":"https:\/\/www.birds-online.de\/wp\/wp-json\/wp\/v2\/pages"}],"about":[{"href":"https:\/\/www.birds-online.de\/wp\/wp-json\/wp\/v2\/types\/page"}],"author":[{"embeddable":true,"href":"https:\/\/www.birds-online.de\/wp\/wp-json\/wp\/v2\/users\/1"}],"replies":[{"embeddable":true,"href":"https:\/\/www.birds-online.de\/wp\/wp-json\/wp\/v2\/comments?post=692"}],"version-history":[{"count":0,"href":"https:\/\/www.birds-online.de\/wp\/wp-json\/wp\/v2\/pages\/692\/revisions"}],"up":[{"embeddable":true,"href":"https:\/\/www.birds-online.de\/wp\/wp-json\/wp\/v2\/pages\/604"}],"wp:featuredmedia":[{"embeddable":true,"href":"https:\/\/www.birds-online.de\/wp\/wp-json\/wp\/v2\/media\/17999"}],"wp:attachment":[{"href":"https:\/\/www.birds-online.de\/wp\/wp-json\/wp\/v2\/media?parent=692"}],"curies":[{"name":"wp","href":"https:\/\/api.w.org\/{rel}","templated":true}]}}