{"id":882,"date":"2017-07-14T13:57:51","date_gmt":"2017-07-14T11:57:51","guid":{"rendered":"http:\/\/www.birds-online.de\/wp\/?page_id=882"},"modified":"2024-03-26T07:35:21","modified_gmt":"2024-03-26T06:35:21","slug":"blitzlicht","status":"publish","type":"page","link":"https:\/\/www.birds-online.de\/wp\/bo\/dies-und-das\/fotoworkshop\/blitzlicht\/","title":{"rendered":"Blitzlicht: ja oder nein?"},"content":{"rendered":"\t\t\t<!-- Flexy Breadcrumb -->\r\n\t\t\t<div class=\"fbc fbc-page\">\r\n\r\n\t\t\t\t<!-- Breadcrumb wrapper -->\r\n\t\t\t\t<div class=\"fbc-wrap\">\r\n\r\n\t\t\t\t\t<!-- Ordered list-->\r\n\t\t\t\t\t<ol class=\"fbc-items\" itemscope itemtype=\"https:\/\/schema.org\/BreadcrumbList\">\r\n\t\t\t\t\t\t            <li itemprop=\"itemListElement\" itemscope itemtype=\"https:\/\/schema.org\/ListItem\">\r\n                <span itemprop=\"name\">\r\n                    <!-- Home Link -->\r\n                    <a itemprop=\"item\" href=\"https:\/\/www.birds-online.de\/wp\">\r\n                    \r\n                                                    <i class=\"fa fa-home\" aria-hidden=\"true\"><\/i>                    <\/a>\r\n                <\/span>\r\n                <meta itemprop=\"position\" content=\"1\" \/><!-- Meta Position-->\r\n             <\/li><li><span class=\"fbc-separator\">>><\/span><\/li><li class=\"active\" itemprop=\"itemListElement\" itemscope itemtype=\"https:\/\/schema.org\/ListItem\"><span itemprop=\"name\" title=\"Blitzlicht: ja oder nein?\">Blitzlicht: ja oder nein?<\/span><meta itemprop=\"position\" content=\"2\" \/><\/li>\t\t\t\t\t<\/ol>\r\n\t\t\t\t\t<div class=\"clearfix\"><\/div>\r\n\t\t\t\t<\/div>\r\n\t\t\t<\/div>\r\n\t\t\t\n\n\n\n<h2 class=\"wp-block-heading\">Blitzlicht: ja oder nein?<\/h2>\n\n\n<div class=\"wp-block-image\">\n<figure class=\"alignright\"><a href=\"https:\/\/www.birds-online.de\/wp-content\/uploads\/2020\/05\/fiorella_aufhellblitz01.jpg\" data-src=\"https:\/\/www.birds-online.de\/wp-content\/uploads\/2020\/05\/fiorella_aufhellblitz01.jpg\" data-thumb=\"https:\/\/www.birds-online.de\/wp-content\/uploads\/2020\/05\/fiorella_aufhellblitz01-300x225.jpg\" class=\"ml-lightbox-enabled\"><img loading=\"lazy\" decoding=\"async\" width=\"300\" height=\"225\" src=\"https:\/\/www.birds-online.de\/wp-content\/uploads\/2020\/05\/fiorella_aufhellblitz01-300x225.jpg\" alt=\"Bei V\u00f6geln mit dunklem Gefieder lassen sich feine Details meist nur erkennen, wenn die Tiere entweder unter einer sehr hellen Lichtquelle beziehungsweise im Sonnenlicht sitzen oder wenn man einen Aufhellblitz verwendet\" class=\"wp-image-17311\" srcset=\"https:\/\/www.birds-online.de\/wp-content\/uploads\/2020\/05\/fiorella_aufhellblitz01-300x225.jpg 300w, https:\/\/www.birds-online.de\/wp-content\/uploads\/2020\/05\/fiorella_aufhellblitz01-768x576.jpg 768w, https:\/\/www.birds-online.de\/wp-content\/uploads\/2020\/05\/fiorella_aufhellblitz01-700x525.jpg 700w, https:\/\/www.birds-online.de\/wp-content\/uploads\/2020\/05\/fiorella_aufhellblitz01.jpg 800w\" sizes=\"auto, (max-width: 300px) 100vw, 300px\" \/><\/a><figcaption class=\"wp-element-caption\">Bei V\u00f6geln mit dunklem Gefieder lassen sich feine Details meist nur erkennen, wenn die Tiere entweder unter einer sehr hellen Lichtquelle beziehungsweise im Sonnenlicht sitzen oder wenn man einen Aufhellblitz verwendet<\/figcaption><\/figure>\n<\/div>\n\n\n<p>Kameras vom Smartphone \u00fcber Kompaktkameras bis hin zu Spiegelreflexkameras \u2013 siehe Beitrag \u00fcber <a href=\"https:\/\/www.birds-online.de\/wp\/bo\/dies-und-das\/fotoworkshop\/kameratypen\/\">Kameratypen<\/a> \u2013 sind mit integrierten Blitzger\u00e4ten oder einer Beleuchtungsfunktion ausgestattet, die bei vielen Motiven wunderbare Dienste leisten. F\u00fcr zus\u00e4tzlich montierbare externe Blitzger\u00e4te, die sich an Spiegelreflexkameras und manchen Bridge-Kameras montieren lassen, gilt freilich dasselbe.<\/p>\n\n\n\n<p>Wenn es aber darum geht, V\u00f6gel aus der N\u00e4he zu fotografieren, k\u00f6nnen Aufhellblitze aber durchaus Schwierigkeiten bereiten \u2013 und das aus mehreren Gr\u00fcnden. Zun\u00e4chst einmal sei angemerkt, dass ein Fotoblitz, der nur ein kleines St\u00fcck von V\u00f6geln entfernt aufleuchtet, die Tiere blenden kann. Dass sie dadurch erblinden, wird an vielen Stellen behauptet. Allerdings ist mir bisher kein Fall bekannt, in dem dies geschehen w\u00e4re \u2013 \u00fcbrigens ebenso wenig bei Menschen. Gerade hoch bezahlte Models m\u00fcssten recht schnell erblinden, wenn von Blitzger\u00e4ten so gro\u00dfe Gefahren ausgehen w\u00fcrden, doch das ist zum Gl\u00fcck nicht der Fall. Nichtsdestotrotz sollten Vogelhalter und Fotografen den Tieren nicht zu viel zumuten und lieber sehr vorsichtig sein.<\/p>\n\n\n\n<p>In diesem Kapitel erfahren sie, welche weiteren Probleme in Bezug auf die Bilder von Fotoblitzen ausgehen k\u00f6nnen. Denn es kommt vergleichsweise leicht dazu, dass die Ausleuchtung nicht passt. Ist das Motiv zu nah an der Kamera, kann ein Blitz zu \u00fcberbelichteten Fotos f\u00fchren. Oder aber das Objektiv der Kamera wirft einen Schatten auf den Vogel und er ist nur teilweise richtig ausgeleuchtet. Je nach Einfallswinkel des Lichtes k\u00f6nnen auf den Fotos zudem sp\u00e4ter die gef\u00fcrchteten &#8220;roten Augen&#8221; zu sehen sein. Mittels Software lassen sie sich allerdings vergleichsweise leicht entfernen. Dar\u00fcber hinaus kann es sein, dass ein zu heller Hintergrund die Automatikfunktion der Kamera dazu veranlasst, das Blitzlicht doch nicht aufleuchten zu lassen, wodurch das eigentliche Motiv auf dem Foto unterbelichtet ist. Doch zun\u00e4chst soll aufgezeigt werden, in welchen Situationen das Verwenden eines Aufhellblitzes sinnvoll sein kann.<\/p>\n\n\n\n<h3 class=\"wp-block-heading\">Unterbelichtung durch Lichtmangel<\/h3>\n\n\n\n<p>Sitzt ein Vogel im Schatten oder h\u00e4lt er sich in einem schlecht ausgeleuchteten Bereich im Innenraum auf, dann werden Fotos ohne Aufhellblitz oftmals nicht hell genug. Das Resultat ist ein Bild, auf dem das Tier farblich blass und irgendwie verwaschen aussieht \u2013 vielleicht sogar ein wenig unscharf, weil es sich geringf\u00fcgig bewegt hat, w\u00e4hrend der Belichtungsprozess der Kamera ablief. Auch der Mensch selbst kann an der Bewegungsunsch\u00e4rfe schuld sein. Denn je weniger Licht zur Verf\u00fcgung steht, desto l\u00e4nger muss die Kamera belichten. Dadurch k\u00f6nnen minimale Bewegungen des Motivs oder des Fotografen zu unscharfen, verwaschenen Bildern f\u00fchren. Ein minimales Zittern des Sitzastes des Vogels oder der Hand des Fotografen reicht da meist schon aus. Um in Situationen mit wenig Licht einer schlechten Qualit\u00e4t vorzubeugen, hilft h\u00e4ufig der Einsatz eines Aufhellblitzes.<\/p>\n\n\n\n<div style=\"height:40px\" aria-hidden=\"true\" class=\"wp-block-spacer\"><\/div>\n\n\n\n<div class=\"wp-block-columns is-layout-flex wp-container-core-columns-is-layout-9d6595d7 wp-block-columns-is-layout-flex\">\n<div class=\"wp-block-column is-layout-flow wp-block-column-is-layout-flow\" style=\"flex-basis:45%\">\n<figure class=\"wp-block-image size-large\"><a href=\"https:\/\/www.birds-online.de\/wp-content\/uploads\/2020\/05\/lena_ohne_blitz01.jpg\" data-src=\"https:\/\/www.birds-online.de\/wp-content\/uploads\/2020\/05\/lena_ohne_blitz01.jpg\" data-thumb=\"https:\/\/www.birds-online.de\/wp-content\/uploads\/2020\/05\/lena_ohne_blitz01-700x525.jpg\" class=\"ml-lightbox-enabled\"><img loading=\"lazy\" decoding=\"async\" width=\"700\" height=\"525\" src=\"https:\/\/www.birds-online.de\/wp-content\/uploads\/2020\/05\/lena_ohne_blitz01-700x525.jpg\" alt=\"Wellensittich Lena ohne Aufhellblitz fotografiert \u2013 der Vogel wirkt grau und verwaschen, das Foto ist nicht sonderlich scharf\" class=\"wp-image-17297\" srcset=\"https:\/\/www.birds-online.de\/wp-content\/uploads\/2020\/05\/lena_ohne_blitz01-700x525.jpg 700w, https:\/\/www.birds-online.de\/wp-content\/uploads\/2020\/05\/lena_ohne_blitz01-300x225.jpg 300w, https:\/\/www.birds-online.de\/wp-content\/uploads\/2020\/05\/lena_ohne_blitz01-768x576.jpg 768w, https:\/\/www.birds-online.de\/wp-content\/uploads\/2020\/05\/lena_ohne_blitz01.jpg 800w\" sizes=\"auto, (max-width: 700px) 100vw, 700px\" \/><\/a><figcaption class=\"wp-element-caption\">Wellensittich Lena ohne Aufhellblitz fotografiert \u2013 der Vogel wirkt grau und verwaschen, das Foto ist nicht sonderlich scharf<\/figcaption><\/figure>\n<\/div>\n\n\n\n<div class=\"wp-block-column is-layout-flow wp-block-column-is-layout-flow\" style=\"flex-basis:10%\"><\/div>\n\n\n\n<div class=\"wp-block-column is-layout-flow wp-block-column-is-layout-flow\" style=\"flex-basis:45%\">\n<figure class=\"wp-block-image size-large\"><a href=\"https:\/\/www.birds-online.de\/wp-content\/uploads\/2020\/05\/lena_ohne_blitz02.jpg\" data-src=\"https:\/\/www.birds-online.de\/wp-content\/uploads\/2020\/05\/lena_ohne_blitz02.jpg\" data-thumb=\"https:\/\/www.birds-online.de\/wp-content\/uploads\/2020\/05\/lena_ohne_blitz02-700x525.jpg\" class=\"ml-lightbox-enabled\"><img loading=\"lazy\" decoding=\"async\" width=\"700\" height=\"525\" src=\"https:\/\/www.birds-online.de\/wp-content\/uploads\/2020\/05\/lena_ohne_blitz02-700x525.jpg\" alt=\"Lenas Gesicht ohne Aufhellblitz fotografiert \u2013 am Kopf sind kaum Strukturen zu erkennen, alles wirkt pixelig und unscharf\" class=\"wp-image-17298\" srcset=\"https:\/\/www.birds-online.de\/wp-content\/uploads\/2020\/05\/lena_ohne_blitz02-700x525.jpg 700w, https:\/\/www.birds-online.de\/wp-content\/uploads\/2020\/05\/lena_ohne_blitz02-300x225.jpg 300w, https:\/\/www.birds-online.de\/wp-content\/uploads\/2020\/05\/lena_ohne_blitz02-768x576.jpg 768w, https:\/\/www.birds-online.de\/wp-content\/uploads\/2020\/05\/lena_ohne_blitz02.jpg 800w\" sizes=\"auto, (max-width: 700px) 100vw, 700px\" \/><\/a><figcaption class=\"wp-element-caption\">Lenas Gesicht ohne Aufhellblitz fotografiert \u2013 am Kopf sind kaum Strukturen zu erkennen, alles wirkt pixelig und unscharf<\/figcaption><\/figure>\n<\/div>\n<\/div>\n\n\n\n<div style=\"height:40px\" aria-hidden=\"true\" class=\"wp-block-spacer\"><\/div>\n\n\n\n<div class=\"wp-block-columns is-layout-flex wp-container-core-columns-is-layout-9d6595d7 wp-block-columns-is-layout-flex\">\n<div class=\"wp-block-column is-layout-flow wp-block-column-is-layout-flow\" style=\"flex-basis:45%\">\n<figure class=\"wp-block-image size-large\"><a href=\"https:\/\/www.birds-online.de\/wp-content\/uploads\/2020\/05\/lena_mit_blitz01.jpg\" data-src=\"https:\/\/www.birds-online.de\/wp-content\/uploads\/2020\/05\/lena_mit_blitz01.jpg\" data-thumb=\"https:\/\/www.birds-online.de\/wp-content\/uploads\/2020\/05\/lena_mit_blitz01-700x525.jpg\" class=\"ml-lightbox-enabled\"><img loading=\"lazy\" decoding=\"async\" width=\"700\" height=\"525\" src=\"https:\/\/www.birds-online.de\/wp-content\/uploads\/2020\/05\/lena_mit_blitz01-700x525.jpg\" alt=\"Wellensittich Lena mit Aufhellblitz fotografiert \u2013 die Gefiederstruktur ist ebenso wie feine Details zu erkennen, das Foto ist scharf\" class=\"wp-image-17299\" srcset=\"https:\/\/www.birds-online.de\/wp-content\/uploads\/2020\/05\/lena_mit_blitz01-700x525.jpg 700w, https:\/\/www.birds-online.de\/wp-content\/uploads\/2020\/05\/lena_mit_blitz01-300x225.jpg 300w, https:\/\/www.birds-online.de\/wp-content\/uploads\/2020\/05\/lena_mit_blitz01-768x576.jpg 768w, https:\/\/www.birds-online.de\/wp-content\/uploads\/2020\/05\/lena_mit_blitz01.jpg 800w\" sizes=\"auto, (max-width: 700px) 100vw, 700px\" \/><\/a><figcaption class=\"wp-element-caption\">Wellensittich Lena mit Aufhellblitz fotografiert \u2013 die Gefiederstruktur ist ebenso wie feine Details zu erkennen, das Foto ist scharf<\/figcaption><\/figure>\n<\/div>\n\n\n\n<div class=\"wp-block-column is-layout-flow wp-block-column-is-layout-flow\" style=\"flex-basis:10%\"><\/div>\n\n\n\n<div class=\"wp-block-column is-layout-flow wp-block-column-is-layout-flow\" style=\"flex-basis:45%\">\n<figure class=\"wp-block-image size-large\"><a href=\"https:\/\/www.birds-online.de\/wp-content\/uploads\/2020\/05\/lena_mit_blitz02.jpg\" data-src=\"https:\/\/www.birds-online.de\/wp-content\/uploads\/2020\/05\/lena_mit_blitz02.jpg\" data-thumb=\"https:\/\/www.birds-online.de\/wp-content\/uploads\/2020\/05\/lena_mit_blitz02-700x525.jpg\" class=\"ml-lightbox-enabled\"><img loading=\"lazy\" decoding=\"async\" width=\"700\" height=\"525\" src=\"https:\/\/www.birds-online.de\/wp-content\/uploads\/2020\/05\/lena_mit_blitz02-700x525.jpg\" alt=\"Lenas Gesicht mit Aufhellblitz fotografiert \u2013 die hellen Wangenflecken und vom Korkschreddern verf\u00e4rbte Bereiche neben dem Schnabel sind sichtbar, feine Federdetails scharf abgebildet\" class=\"wp-image-17296\" srcset=\"https:\/\/www.birds-online.de\/wp-content\/uploads\/2020\/05\/lena_mit_blitz02-700x525.jpg 700w, https:\/\/www.birds-online.de\/wp-content\/uploads\/2020\/05\/lena_mit_blitz02-300x225.jpg 300w, https:\/\/www.birds-online.de\/wp-content\/uploads\/2020\/05\/lena_mit_blitz02-768x576.jpg 768w, https:\/\/www.birds-online.de\/wp-content\/uploads\/2020\/05\/lena_mit_blitz02.jpg 800w\" sizes=\"auto, (max-width: 700px) 100vw, 700px\" \/><\/a><figcaption class=\"wp-element-caption\">Lenas Gesicht mit Aufhellblitz fotografiert \u2013 die hellen Wangenflecken und vom Korkschreddern verf\u00e4rbte Bereiche neben dem Schnabel sind sichtbar, feine Federdetails scharf abgebildet<\/figcaption><\/figure>\n<\/div>\n<\/div>\n\n\n\n<h3 class=\"wp-block-heading\">Gegenlicht \u00fcberstrahlt das Motiv<\/h3>\n\n\n\n<p>Befindet sich das Motiv vor einem sehr hellen Hintergrund, k\u00f6nnen wir es mit unseren Augen meist noch etwas besser erkennen, als es Kameras m\u00f6glich ist. Die meisten Ger\u00e4te stellen ihre Belichtung so ein dass der helle Hintergrund richtig belichtet ist. Dadurch wird das eigentliche Motiv zwangsl\u00e4ufig zu wenig belichtet \u2013 der Vogel ist vor dem hellen Hintergrund praktisch kaum zu erkennen. Im Extremfall sieht man den Vogel nur noch als dunkle Silhouette. Manchmal lohnt es sich, dies bewusst als Stilmittel einzusetzen. Aber in den meisten F\u00e4llen \u00e4rgern sich Fotografen \u00fcber solche Bilder, weil ihre Tiere kaum wirklich zu sehen sind. Ein Aufhellblitz sorgt hier f\u00fcr Abhilfe, auch wenn es auf den ersten Blick seltsam erscheint, bei viel Licht einen Blitz einzusetzen. Entscheidend ist hierbei tats\u00e4chlich der Aspekt, dass das Licht f\u00fcr den Fotografen aus der falschen Richtung kommt \u2013 n\u00e4mlich von der R\u00fcckseite des Motivs, was in aller Regel zum Fotografieren eher ung\u00fcnstig ist.<\/p>\n\n\n\n<div style=\"height:40px\" aria-hidden=\"true\" class=\"wp-block-spacer\"><\/div>\n\n\n\n<div class=\"wp-block-columns is-layout-flex wp-container-core-columns-is-layout-9d6595d7 wp-block-columns-is-layout-flex\">\n<div class=\"wp-block-column is-layout-flow wp-block-column-is-layout-flow\" style=\"flex-basis:45%\">\n<figure class=\"wp-block-image size-large\"><a href=\"https:\/\/www.birds-online.de\/wp-content\/uploads\/2020\/05\/gegenlicht_ohne_blitz01.jpg\" data-src=\"https:\/\/www.birds-online.de\/wp-content\/uploads\/2020\/05\/gegenlicht_ohne_blitz01.jpg\" data-thumb=\"https:\/\/www.birds-online.de\/wp-content\/uploads\/2020\/05\/gegenlicht_ohne_blitz01-700x525.jpg\" class=\"ml-lightbox-enabled\"><img loading=\"lazy\" decoding=\"async\" width=\"700\" height=\"525\" src=\"https:\/\/www.birds-online.de\/wp-content\/uploads\/2020\/05\/gegenlicht_ohne_blitz01-700x525.jpg\" alt=\"Wellensittich Else im Gegenlicht ohne Aufhellblitz fotografiert \u2013 der Vogel ist kaum zu erkennen\" class=\"wp-image-17303\" srcset=\"https:\/\/www.birds-online.de\/wp-content\/uploads\/2020\/05\/gegenlicht_ohne_blitz01-700x525.jpg 700w, https:\/\/www.birds-online.de\/wp-content\/uploads\/2020\/05\/gegenlicht_ohne_blitz01-300x225.jpg 300w, https:\/\/www.birds-online.de\/wp-content\/uploads\/2020\/05\/gegenlicht_ohne_blitz01-768x576.jpg 768w, https:\/\/www.birds-online.de\/wp-content\/uploads\/2020\/05\/gegenlicht_ohne_blitz01.jpg 800w\" sizes=\"auto, (max-width: 700px) 100vw, 700px\" \/><\/a><figcaption class=\"wp-element-caption\">Wellensittich Else im Gegenlicht ohne Aufhellblitz fotografiert \u2013 der Vogel ist kaum zu erkennen<\/figcaption><\/figure>\n<\/div>\n\n\n\n<div class=\"wp-block-column is-layout-flow wp-block-column-is-layout-flow\" style=\"flex-basis:10%\"><\/div>\n\n\n\n<div class=\"wp-block-column is-layout-flow wp-block-column-is-layout-flow\" style=\"flex-basis:45%\">\n<figure class=\"wp-block-image size-large\"><a href=\"https:\/\/www.birds-online.de\/wp-content\/uploads\/2020\/05\/gegenlicht_mit_blitz01.jpg\" data-src=\"https:\/\/www.birds-online.de\/wp-content\/uploads\/2020\/05\/gegenlicht_mit_blitz01.jpg\" data-thumb=\"https:\/\/www.birds-online.de\/wp-content\/uploads\/2020\/05\/gegenlicht_mit_blitz01-700x525.jpg\" class=\"ml-lightbox-enabled\"><img loading=\"lazy\" decoding=\"async\" width=\"700\" height=\"525\" src=\"https:\/\/www.birds-online.de\/wp-content\/uploads\/2020\/05\/gegenlicht_mit_blitz01-700x525.jpg\" alt=\"Wellensittich Else im Gegenlicht mit Aufhellblitz fotografiert \u2013 deutlich sind alle Details des Vogels scharf und in kr\u00e4ftigen Farben zu erkennen\" class=\"wp-image-17302\" srcset=\"https:\/\/www.birds-online.de\/wp-content\/uploads\/2020\/05\/gegenlicht_mit_blitz01-700x525.jpg 700w, https:\/\/www.birds-online.de\/wp-content\/uploads\/2020\/05\/gegenlicht_mit_blitz01-300x225.jpg 300w, https:\/\/www.birds-online.de\/wp-content\/uploads\/2020\/05\/gegenlicht_mit_blitz01-768x576.jpg 768w, https:\/\/www.birds-online.de\/wp-content\/uploads\/2020\/05\/gegenlicht_mit_blitz01.jpg 800w\" sizes=\"auto, (max-width: 700px) 100vw, 700px\" \/><\/a><figcaption class=\"wp-element-caption\">Wellensittich Else im Gegenlicht mit Aufhellblitz fotografiert \u2013 deutlich sind alle Details des Vogels scharf und in kr\u00e4ftigen Farben zu erkennen<\/figcaption><\/figure>\n<\/div>\n<\/div>\n\n\n\n<h3 class=\"wp-block-heading\">\u00dcberbelichtete Fotos durch zu starke Ausleuchtung oder falsche Belichtung<\/h3>\n\n\n\n<p>Bei vielen Kameras leuchtet das Blitzlicht immer gleich hell und kann nicht an die Situation angepasst werden. Das f\u00fchrt dazu, dass es unter bestimmten Umst\u00e4nden zu viel Licht f\u00fcr gute Fotos gibt. Wenn Sie diese typischen Fallen kennen, lassen sich \u00fcberbelichtete Bilder oft vermeiden. Wichtig ist dabei, dass f\u00fcr die Belichtungsmessung der richtige Bereich des Bildausschnitts erfasst wird. Ein Beispiel: Ein Vogel mit relativ hellem Gefieder sitzt vor einem dunklen Hintergrund. Erfasst die Kamera den dunklen Bereich f\u00fcr ihre Belichtungsmessung, wird das Bild sp\u00e4ter mit hoher Wahrscheinlichkeit einen \u00fcberbelichteten Vogel zeigen. Achten Sie darauf, dass das Messfeld den Vogel erfasst und die Belichtung auf ihn abstimmt. Die folgenden beiden Beispielbilder demonstrieren dies. Sie sind mit derselben Blitzst\u00e4rke angefertigt worden, lediglich die Belichtungsdauer wurde von der Kamera angepasst.<\/p>\n\n\n\n<div style=\"height:40px\" aria-hidden=\"true\" class=\"wp-block-spacer\"><\/div>\n\n\n\n<div class=\"wp-block-columns is-layout-flex wp-container-core-columns-is-layout-9d6595d7 wp-block-columns-is-layout-flex\">\n<div class=\"wp-block-column is-layout-flow wp-block-column-is-layout-flow\" style=\"flex-basis:45%\">\n<figure class=\"wp-block-image size-large\"><a href=\"https:\/\/www.birds-online.de\/wp-content\/uploads\/2020\/05\/wellensittich_ares_ueberbelichtet01.jpg\" data-src=\"https:\/\/www.birds-online.de\/wp-content\/uploads\/2020\/05\/wellensittich_ares_ueberbelichtet01.jpg\" data-thumb=\"https:\/\/www.birds-online.de\/wp-content\/uploads\/2020\/05\/wellensittich_ares_ueberbelichtet01-700x525.jpg\" class=\"ml-lightbox-enabled\"><img loading=\"lazy\" decoding=\"async\" width=\"700\" height=\"525\" src=\"https:\/\/www.birds-online.de\/wp-content\/uploads\/2020\/05\/wellensittich_ares_ueberbelichtet01-700x525.jpg\" alt=\"Die Kamera hat die Belichtungszeit auf den dunklen Hintergrund (1) abgestimmt, wodurch der Vogel vor allem am Kopf (2) stark \u00fcberbelichtet ist\" class=\"wp-image-17272\" srcset=\"https:\/\/www.birds-online.de\/wp-content\/uploads\/2020\/05\/wellensittich_ares_ueberbelichtet01-700x525.jpg 700w, https:\/\/www.birds-online.de\/wp-content\/uploads\/2020\/05\/wellensittich_ares_ueberbelichtet01-300x225.jpg 300w, https:\/\/www.birds-online.de\/wp-content\/uploads\/2020\/05\/wellensittich_ares_ueberbelichtet01-768x576.jpg 768w, https:\/\/www.birds-online.de\/wp-content\/uploads\/2020\/05\/wellensittich_ares_ueberbelichtet01.jpg 800w\" sizes=\"auto, (max-width: 700px) 100vw, 700px\" \/><\/a><figcaption class=\"wp-element-caption\">Die Kamera hat die Belichtungszeit auf den dunklen Hintergrund (1) abgestimmt, wodurch der Vogel vor allem am Kopf (2) stark \u00fcberbelichtet ist<\/figcaption><\/figure>\n<\/div>\n\n\n\n<div class=\"wp-block-column is-layout-flow wp-block-column-is-layout-flow\" style=\"flex-basis:10%\"><\/div>\n\n\n\n<div class=\"wp-block-column is-layout-flow wp-block-column-is-layout-flow\" style=\"flex-basis:45%\">\n<figure class=\"wp-block-image size-large\"><a href=\"https:\/\/www.birds-online.de\/wp-content\/uploads\/2020\/05\/wellensittich_ares_richtig_belichtet01.jpg\" data-src=\"https:\/\/www.birds-online.de\/wp-content\/uploads\/2020\/05\/wellensittich_ares_richtig_belichtet01.jpg\" data-thumb=\"https:\/\/www.birds-online.de\/wp-content\/uploads\/2020\/05\/wellensittich_ares_richtig_belichtet01-700x525.jpg\" class=\"ml-lightbox-enabled\"><img loading=\"lazy\" decoding=\"async\" width=\"700\" height=\"525\" src=\"https:\/\/www.birds-online.de\/wp-content\/uploads\/2020\/05\/wellensittich_ares_richtig_belichtet01-700x525.jpg\" alt=\"Hier hat die Kamera hat die Belichtungszeit auf den hellen Gefiederbereich (1) abgestimmt, wodurch der Vogel sogar am Kopf (2) richtig belichtet ist. Der R\u00fccken ist gar ein wenig dunkel geraten\" class=\"wp-image-17273\" srcset=\"https:\/\/www.birds-online.de\/wp-content\/uploads\/2020\/05\/wellensittich_ares_richtig_belichtet01-700x525.jpg 700w, https:\/\/www.birds-online.de\/wp-content\/uploads\/2020\/05\/wellensittich_ares_richtig_belichtet01-300x225.jpg 300w, https:\/\/www.birds-online.de\/wp-content\/uploads\/2020\/05\/wellensittich_ares_richtig_belichtet01-768x576.jpg 768w, https:\/\/www.birds-online.de\/wp-content\/uploads\/2020\/05\/wellensittich_ares_richtig_belichtet01.jpg 800w\" sizes=\"auto, (max-width: 700px) 100vw, 700px\" \/><\/a><figcaption class=\"wp-element-caption\">Hier hat die Kamera hat die Belichtungszeit auf den hellen Gefiederbereich (1) abgestimmt, wodurch der Vogel sogar am Kopf (2) richtig belichtet ist. Der R\u00fccken ist gar ein wenig dunkel geraten<\/figcaption><\/figure>\n<\/div>\n<\/div>\n\n\n\n<div style=\"height:40px\" aria-hidden=\"true\" class=\"wp-block-spacer\"><\/div>\n\n\n<div class=\"wp-block-image\">\n<figure class=\"alignright\"><a href=\"https:\/\/www.birds-online.de\/wp-content\/uploads\/2020\/05\/richtig_und_falsch_belichtet01.jpg\" data-src=\"https:\/\/www.birds-online.de\/wp-content\/uploads\/2020\/05\/richtig_und_falsch_belichtet01.jpg\" data-thumb=\"https:\/\/www.birds-online.de\/wp-content\/uploads\/2020\/05\/richtig_und_falsch_belichtet01-300x225.jpg\" class=\"ml-lightbox-enabled\"><img loading=\"lazy\" decoding=\"async\" width=\"300\" height=\"225\" src=\"https:\/\/www.birds-online.de\/wp-content\/uploads\/2020\/05\/richtig_und_falsch_belichtet01-300x225.jpg\" alt=\"Der t\u00fcrkis gef\u00e4rbte Wellensittich links im Bild ist richtig belichtet, w\u00e4hrend der wei\u00dfe Vogel v\u00f6llig \u00fcberbelichtet aussieht\" class=\"wp-image-17276\" srcset=\"https:\/\/www.birds-online.de\/wp-content\/uploads\/2020\/05\/richtig_und_falsch_belichtet01-300x225.jpg 300w, https:\/\/www.birds-online.de\/wp-content\/uploads\/2020\/05\/richtig_und_falsch_belichtet01-768x576.jpg 768w, https:\/\/www.birds-online.de\/wp-content\/uploads\/2020\/05\/richtig_und_falsch_belichtet01-700x525.jpg 700w, https:\/\/www.birds-online.de\/wp-content\/uploads\/2020\/05\/richtig_und_falsch_belichtet01.jpg 800w\" sizes=\"auto, (max-width: 300px) 100vw, 300px\" \/><\/a><figcaption class=\"wp-element-caption\">Der t\u00fcrkis gef\u00e4rbte Wellensittich links im Bild ist richtig belichtet, w\u00e4hrend der wei\u00dfe Vogel v\u00f6llig \u00fcberbelichtet aussieht<\/figcaption><\/figure>\n<\/div>\n\n\n<p>Wenn sich ein Vogel sehr nah vor der Kamera befindet und per Blitzlicht angestrahlt wird, kann es ebenfalls geschehen, dass er auf dem Foto \u00fcberbelichtet aussieht. Vermeiden Sie es insbesondere bei V\u00f6geln mit sehr hellem Gefieder deshalb, die Tiere aus zu gro\u00dfer N\u00e4he zu fotografieren.<\/p>\n\n\n\n<p>Falls Sie mehrere V\u00f6gel ablichten m\u00f6chten und eines der Tiere besonders helles Gefieder hat, kann es geschehen, dass die anderen V\u00f6gel auf dem Bild richtig ausgeleuchtet sind und der eine helle Vogel \u00fcberbelichtet aussieht. Dies l\u00e4sst sich vermeiden, indem Sie die Kamera entweder per Mehrfeldmessung die Helligkeit bestimmen lassen oder aber den hellen Vogel als Referenzpunkt w\u00e4hlen. Dann sind allerdings die V\u00f6gel mit dunklerem Gefieder auf den Fotos meist ein wenig unterbelichtet.<\/p>\n\n\n\n<p>Fotografen nennen solche stark \u00fcberbelichteten hellen Bereiche &#8220;ausgefressen&#8221;. Strukturen sind in diesen strahlend hellen Fl\u00e4chen nicht mehr zu erkennen. Anstelle feiner Federzeichnungen sieht man nur Helligkeit. Die folgenden beiden Fotos verdeutlichen diesen unerw\u00fcnschten Effekt des Aufhellblitzes.<\/p>\n\n\n\n<div style=\"height:40px\" aria-hidden=\"true\" class=\"wp-block-spacer\"><\/div>\n\n\n\n<div class=\"wp-block-columns is-layout-flex wp-container-core-columns-is-layout-9d6595d7 wp-block-columns-is-layout-flex\">\n<div class=\"wp-block-column is-layout-flow wp-block-column-is-layout-flow\" style=\"flex-basis:45%\">\n<figure class=\"wp-block-image size-large\"><a href=\"https:\/\/www.birds-online.de\/wp-content\/uploads\/2020\/05\/ausgefressene_belichtung01.jpg\" data-src=\"https:\/\/www.birds-online.de\/wp-content\/uploads\/2020\/05\/ausgefressene_belichtung01.jpg\" data-thumb=\"https:\/\/www.birds-online.de\/wp-content\/uploads\/2020\/05\/ausgefressene_belichtung01-700x525.jpg\" class=\"ml-lightbox-enabled\"><img loading=\"lazy\" decoding=\"async\" width=\"700\" height=\"525\" src=\"https:\/\/www.birds-online.de\/wp-content\/uploads\/2020\/05\/ausgefressene_belichtung01-700x525.jpg\" alt=\"Insgesamt betrachtet, ist dieses Foto des wei\u00dfen Wellensittichs brauchbar; der im Kasten befindliche Teil ist aber nicht \u00fcberall richtig ausgeleuchtet\" class=\"wp-image-17277\" srcset=\"https:\/\/www.birds-online.de\/wp-content\/uploads\/2020\/05\/ausgefressene_belichtung01-700x525.jpg 700w, https:\/\/www.birds-online.de\/wp-content\/uploads\/2020\/05\/ausgefressene_belichtung01-300x225.jpg 300w, https:\/\/www.birds-online.de\/wp-content\/uploads\/2020\/05\/ausgefressene_belichtung01-768x576.jpg 768w, https:\/\/www.birds-online.de\/wp-content\/uploads\/2020\/05\/ausgefressene_belichtung01.jpg 800w\" sizes=\"auto, (max-width: 700px) 100vw, 700px\" \/><\/a><figcaption class=\"wp-element-caption\">Insgesamt betrachtet, ist dieses Foto des wei\u00dfen Wellensittichs brauchbar; der im Kasten befindliche Teil ist aber nicht \u00fcberall richtig ausgeleuchtet<\/figcaption><\/figure>\n<\/div>\n\n\n\n<div class=\"wp-block-column is-layout-flow wp-block-column-is-layout-flow\" style=\"flex-basis:10%\"><\/div>\n\n\n\n<div class=\"wp-block-column is-layout-flow wp-block-column-is-layout-flow\" style=\"flex-basis:45%\">\n<figure class=\"wp-block-image size-large\"><a href=\"https:\/\/www.birds-online.de\/wp-content\/uploads\/2020\/05\/ausgefressene_belichtung02.jpg\" data-src=\"https:\/\/www.birds-online.de\/wp-content\/uploads\/2020\/05\/ausgefressene_belichtung02.jpg\" data-thumb=\"https:\/\/www.birds-online.de\/wp-content\/uploads\/2020\/05\/ausgefressene_belichtung02-700x525.jpg\" class=\"ml-lightbox-enabled\"><img loading=\"lazy\" decoding=\"async\" width=\"700\" height=\"525\" src=\"https:\/\/www.birds-online.de\/wp-content\/uploads\/2020\/05\/ausgefressene_belichtung02-700x525.jpg\" alt=\"In der Vergr\u00f6\u00dferung ist ein Bereich mit korrekter Belichtung und feinen Federstrukturen (1) zu erkennen, der dar\u00fcber liegende Bereich (2) ist hingegen \u00fcberbelichtet und dadurch ausgefressen\" class=\"wp-image-17278\" srcset=\"https:\/\/www.birds-online.de\/wp-content\/uploads\/2020\/05\/ausgefressene_belichtung02-700x525.jpg 700w, https:\/\/www.birds-online.de\/wp-content\/uploads\/2020\/05\/ausgefressene_belichtung02-300x225.jpg 300w, https:\/\/www.birds-online.de\/wp-content\/uploads\/2020\/05\/ausgefressene_belichtung02-768x576.jpg 768w, https:\/\/www.birds-online.de\/wp-content\/uploads\/2020\/05\/ausgefressene_belichtung02.jpg 800w\" sizes=\"auto, (max-width: 700px) 100vw, 700px\" \/><\/a><figcaption class=\"wp-element-caption\">In der Vergr\u00f6\u00dferung ist ein Bereich mit korrekter Belichtung und feinen Federstrukturen (1) zu erkennen, der dar\u00fcber liegende Bereich (2) ist hingegen \u00fcberbelichtet und dadurch ausgefressen<\/figcaption><\/figure>\n<\/div>\n<\/div>\n\n\n\n<h3 class=\"wp-block-heading\">Teilweise \u00dcberbelichtung durch zu starke Kontraste<\/h3>\n\n\n\n<p>Oftmals tritt ein weiteres Belichtungsproblem in Erscheinung, bei dem die Kamera quasi vor einer unl\u00f6sbaren Aufgabe steht und das Resultat im Grunde nur schlecht ausfallen kann. Wer unter Einwirkung von Kunstlicht die Belichtungsautomatik bei einem Vogel anwendet, der einen vergleichsweise dunklen K\u00f6rper und einen hellen Kopf hat, erh\u00e4lt nicht immer brauchbare Fotos. Die Kamera stellt die Belichtung h\u00e4ufig so ein, dass der dunkle K\u00f6rper des Vogels gut ausgeleuchtet ist, wodurch der Kopfbereich \u00fcberbelichtet wird.&nbsp;Es kann in solchen F\u00e4llen helfen, das k\u00fcnstliche Licht auszuschalten und die Belichtungsmessung bei normalem Tageslicht erfolgen zu lassen.&nbsp;In vielen F\u00e4llen ergeben sich dadurch besser ausgeleuchtete Fotos.<\/p>\n\n\n\n<div style=\"height:40px\" aria-hidden=\"true\" class=\"wp-block-spacer\"><\/div>\n\n\n\n<div class=\"wp-block-columns is-layout-flex wp-container-core-columns-is-layout-9d6595d7 wp-block-columns-is-layout-flex\">\n<div class=\"wp-block-column is-layout-flow wp-block-column-is-layout-flow\" style=\"flex-basis:45%\">\n<figure class=\"wp-block-image size-large\"><a href=\"https:\/\/www.birds-online.de\/wp-content\/uploads\/2020\/05\/kopf_ueberbelichtet01.jpg\" data-src=\"https:\/\/www.birds-online.de\/wp-content\/uploads\/2020\/05\/kopf_ueberbelichtet01.jpg\" data-thumb=\"https:\/\/www.birds-online.de\/wp-content\/uploads\/2020\/05\/kopf_ueberbelichtet01-700x525.jpg\" class=\"ml-lightbox-enabled\"><img loading=\"lazy\" decoding=\"async\" width=\"700\" height=\"525\" src=\"https:\/\/www.birds-online.de\/wp-content\/uploads\/2020\/05\/kopf_ueberbelichtet01-700x525.jpg\" alt=\"Unter Kunstlicht hat die Belichtungsmessung der Kamera versagt, der Kopf des Vogels ist auf dem Foto \u00fcberbelichtet\" class=\"wp-image-17281\" srcset=\"https:\/\/www.birds-online.de\/wp-content\/uploads\/2020\/05\/kopf_ueberbelichtet01-700x525.jpg 700w, https:\/\/www.birds-online.de\/wp-content\/uploads\/2020\/05\/kopf_ueberbelichtet01-300x225.jpg 300w, https:\/\/www.birds-online.de\/wp-content\/uploads\/2020\/05\/kopf_ueberbelichtet01-768x576.jpg 768w, https:\/\/www.birds-online.de\/wp-content\/uploads\/2020\/05\/kopf_ueberbelichtet01.jpg 800w\" sizes=\"auto, (max-width: 700px) 100vw, 700px\" \/><\/a><figcaption class=\"wp-element-caption\">Unter Kunstlicht hat die Belichtungsmessung der Kamera versagt, der Kopf des Vogels ist auf dem Foto \u00fcberbelichtet<\/figcaption><\/figure>\n<\/div>\n\n\n\n<div class=\"wp-block-column is-layout-flow wp-block-column-is-layout-flow\" style=\"flex-basis:10%\"><\/div>\n\n\n\n<div class=\"wp-block-column is-layout-flow wp-block-column-is-layout-flow\" style=\"flex-basis:45%\">\n<figure class=\"wp-block-image size-large\"><a href=\"https:\/\/www.birds-online.de\/wp-content\/uploads\/2020\/05\/korrekt_belichtett01.jpg\" data-src=\"https:\/\/www.birds-online.de\/wp-content\/uploads\/2020\/05\/korrekt_belichtett01.jpg\" data-thumb=\"https:\/\/www.birds-online.de\/wp-content\/uploads\/2020\/05\/korrekt_belichtett01-700x525.jpg\" class=\"ml-lightbox-enabled\"><img loading=\"lazy\" decoding=\"async\" width=\"700\" height=\"525\" src=\"https:\/\/www.birds-online.de\/wp-content\/uploads\/2020\/05\/korrekt_belichtett01-700x525.jpg\" alt=\"Derselbe Vogel bei korrekter Ausleuchtung durch einen Aufhellblitz \u2013 K\u00f6rper und Kopf sind gleicherma\u00dfen gut ausgeleuchtet und es gibt keine \u00fcberbelichteten Bereiche\" class=\"wp-image-17282\" srcset=\"https:\/\/www.birds-online.de\/wp-content\/uploads\/2020\/05\/korrekt_belichtett01-700x525.jpg 700w, https:\/\/www.birds-online.de\/wp-content\/uploads\/2020\/05\/korrekt_belichtett01-300x225.jpg 300w, https:\/\/www.birds-online.de\/wp-content\/uploads\/2020\/05\/korrekt_belichtett01-768x576.jpg 768w, https:\/\/www.birds-online.de\/wp-content\/uploads\/2020\/05\/korrekt_belichtett01.jpg 800w\" sizes=\"auto, (max-width: 700px) 100vw, 700px\" \/><\/a><figcaption class=\"wp-element-caption\">Derselbe Vogel bei korrekter Ausleuchtung durch einen Aufhellblitz \u2013 K\u00f6rper und Kopf sind gleicherma\u00dfen gut ausgeleuchtet und es gibt keine \u00fcberbelichteten Bereiche<\/figcaption><\/figure>\n<\/div>\n<\/div>\n\n\n\n<h3 class=\"wp-block-heading\">Schlagschatten vermeiden<\/h3>\n\n\n<div class=\"wp-block-image\">\n<figure class=\"alignright\"><a href=\"https:\/\/www.birds-online.de\/wp-content\/uploads\/2020\/05\/schlagschatten03.jpg\" data-src=\"https:\/\/www.birds-online.de\/wp-content\/uploads\/2020\/05\/schlagschatten03.jpg\" data-thumb=\"https:\/\/www.birds-online.de\/wp-content\/uploads\/2020\/05\/schlagschatten03-300x225.jpg\" class=\"ml-lightbox-enabled\"><img loading=\"lazy\" decoding=\"async\" width=\"300\" height=\"225\" src=\"https:\/\/www.birds-online.de\/wp-content\/uploads\/2020\/05\/schlagschatten03-300x225.jpg\" alt=\"Ein sich im Vordergrund befindender Zweig hat einen Schlagschatten produziert, der Wellensittich Sues Kopf teilweise verdunkelt\" class=\"wp-image-17306\" srcset=\"https:\/\/www.birds-online.de\/wp-content\/uploads\/2020\/05\/schlagschatten03-300x225.jpg 300w, https:\/\/www.birds-online.de\/wp-content\/uploads\/2020\/05\/schlagschatten03-768x576.jpg 768w, https:\/\/www.birds-online.de\/wp-content\/uploads\/2020\/05\/schlagschatten03-700x525.jpg 700w, https:\/\/www.birds-online.de\/wp-content\/uploads\/2020\/05\/schlagschatten03.jpg 800w\" sizes=\"auto, (max-width: 300px) 100vw, 300px\" \/><\/a><figcaption class=\"wp-element-caption\">Ein sich im Vordergrund befindender Zweig hat einen Schlagschatten produziert, der Wellensittich Sues Kopf teilweise verdunkelt<\/figcaption><\/figure>\n<\/div>\n\n\n<p>Beim Einsatz eines Aufhellblitzes wird nicht nur Licht auf eine Szene geworfen, sondern es werden dadurch auch Schatten produziert. Befindet sich in der Reichweite dieser Schatten ein Hindernis wie beispielsweise eine Wand, sind diese Schlagschatten darauf zu sehen. Manchmal sitzen V\u00f6gel im Ge\u00e4st und vor dem eigentlichen Motiv liegende Zweige k\u00f6nnen gar einen Schatten auf die Tiere werfen. Fotos mit teilweise verschatteten Motiven sehen oft nicht wunschgem\u00e4\u00df gut aus. Deshalb ist beim W\u00e4hlen der Position f\u00fcr das Anfertigen der Bilder auf m\u00f6glicherweise im Vordergrund liegende Objekte zu achten, die einen Schatten werfen k\u00f6nnten. Der vom Motiv selbst verursachte Schlagschatten im Hintergrund wird oft ebenfalls als st\u00f6rend empfunden. Es hilft, die V\u00f6gel nach M\u00f6glichkeit nur an Stellen zu fotografieren, hinter denen es offene Bereiche und nicht in kurzer Distanz eine Wand oder \u00c4hnliches gibt, worauf Schatten sichtbar werden k\u00f6nnten. Eine weitere Option ist es, sich mit der Kamera so zu positionieren, dass das Motiv seinen eigenen Schlagschatten weitestgehend verdeckt.<\/p>\n\n\n\n<div style=\"height:40px\" aria-hidden=\"true\" class=\"wp-block-spacer\"><\/div>\n\n\n\n<div class=\"wp-block-columns is-layout-flex wp-container-core-columns-is-layout-9d6595d7 wp-block-columns-is-layout-flex\">\n<div class=\"wp-block-column is-layout-flow wp-block-column-is-layout-flow\" style=\"flex-basis:45%\">\n<figure class=\"wp-block-image size-large\"><a href=\"https:\/\/www.birds-online.de\/wp-content\/uploads\/2020\/05\/schlagschatten01.jpg\" data-src=\"https:\/\/www.birds-online.de\/wp-content\/uploads\/2020\/05\/schlagschatten01.jpg\" data-thumb=\"https:\/\/www.birds-online.de\/wp-content\/uploads\/2020\/05\/schlagschatten01-700x525.jpg\" class=\"ml-lightbox-enabled\"><img loading=\"lazy\" decoding=\"async\" width=\"700\" height=\"525\" src=\"https:\/\/www.birds-online.de\/wp-content\/uploads\/2020\/05\/schlagschatten01-700x525.jpg\" alt=\"Wellensittich Brit wurde in unmittelbarer N\u00e4he einer Wand mit Aufhellblitz fotografiert, wodurch ein sehr deutlicher Schlagschatten im Hintergrund entstanden ist\" class=\"wp-image-17307\" srcset=\"https:\/\/www.birds-online.de\/wp-content\/uploads\/2020\/05\/schlagschatten01-700x525.jpg 700w, https:\/\/www.birds-online.de\/wp-content\/uploads\/2020\/05\/schlagschatten01-300x225.jpg 300w, https:\/\/www.birds-online.de\/wp-content\/uploads\/2020\/05\/schlagschatten01-768x576.jpg 768w, https:\/\/www.birds-online.de\/wp-content\/uploads\/2020\/05\/schlagschatten01.jpg 800w\" sizes=\"auto, (max-width: 700px) 100vw, 700px\" \/><\/a><figcaption class=\"wp-element-caption\">Wellensittich Brit wurde in unmittelbarer N\u00e4he einer Wand mit Aufhellblitz fotografiert, wodurch ein sehr deutlicher Schlagschatten im Hintergrund entstanden ist<\/figcaption><\/figure>\n<\/div>\n\n\n\n<div class=\"wp-block-column is-layout-flow wp-block-column-is-layout-flow\" style=\"flex-basis:10%\"><\/div>\n\n\n\n<div class=\"wp-block-column is-layout-flow wp-block-column-is-layout-flow\" style=\"flex-basis:45%\">\n<figure class=\"wp-block-image size-large\"><a href=\"https:\/\/www.birds-online.de\/wp-content\/uploads\/2020\/05\/schlagschatten02.jpg\" data-src=\"https:\/\/www.birds-online.de\/wp-content\/uploads\/2020\/05\/schlagschatten02.jpg\" data-thumb=\"https:\/\/www.birds-online.de\/wp-content\/uploads\/2020\/05\/schlagschatten02-700x525.jpg\" class=\"ml-lightbox-enabled\"><img loading=\"lazy\" decoding=\"async\" width=\"700\" height=\"525\" src=\"https:\/\/www.birds-online.de\/wp-content\/uploads\/2020\/05\/schlagschatten02-700x525.jpg\" alt=\"Hier verdeckt Wellensittich Else ihren eigenen Schlagschatten, der auf der dahinter liegenden Wand kaum zu erkennen ist (siehe Pfeil)\" class=\"wp-image-17305\" srcset=\"https:\/\/www.birds-online.de\/wp-content\/uploads\/2020\/05\/schlagschatten02-700x525.jpg 700w, https:\/\/www.birds-online.de\/wp-content\/uploads\/2020\/05\/schlagschatten02-300x225.jpg 300w, https:\/\/www.birds-online.de\/wp-content\/uploads\/2020\/05\/schlagschatten02-768x576.jpg 768w, https:\/\/www.birds-online.de\/wp-content\/uploads\/2020\/05\/schlagschatten02.jpg 800w\" sizes=\"auto, (max-width: 700px) 100vw, 700px\" \/><\/a><figcaption class=\"wp-element-caption\">Hier verdeckt Wellensittich Else ihren eigenen Schlagschatten, der auf der dahinter liegenden Wand kaum zu erkennen ist (siehe Pfeil)<\/figcaption><\/figure>\n<\/div>\n<\/div>\n\n\n\n<h3 class=\"wp-block-heading\">Spiegelnde Fl\u00e4chen als Hintergrund vermeiden<\/h3>\n\n\n<div class=\"wp-block-image\">\n<figure class=\"alignright\"><a href=\"https:\/\/www.birds-online.de\/wp-content\/uploads\/2020\/05\/fotoworkshop_blitzreflex01.jpg\" data-src=\"https:\/\/www.birds-online.de\/wp-content\/uploads\/2020\/05\/fotoworkshop_blitzreflex01.jpg\" data-thumb=\"https:\/\/www.birds-online.de\/wp-content\/uploads\/2020\/05\/fotoworkshop_blitzreflex01-300x225.jpg\" class=\"ml-lightbox-enabled\"><img loading=\"lazy\" decoding=\"async\" width=\"300\" height=\"225\" src=\"https:\/\/www.birds-online.de\/wp-content\/uploads\/2020\/05\/fotoworkshop_blitzreflex01-300x225.jpg\" alt=\"Wenn man einen Blitz einsetzt, sollte man darauf achten, dies nicht vor reflektierenden Fl\u00e4chen wie Fensterscheiben zu tun, in denen sich das Licht spiegelt\" class=\"wp-image-17434\" srcset=\"https:\/\/www.birds-online.de\/wp-content\/uploads\/2020\/05\/fotoworkshop_blitzreflex01-300x225.jpg 300w, https:\/\/www.birds-online.de\/wp-content\/uploads\/2020\/05\/fotoworkshop_blitzreflex01-768x576.jpg 768w, https:\/\/www.birds-online.de\/wp-content\/uploads\/2020\/05\/fotoworkshop_blitzreflex01-700x525.jpg 700w, https:\/\/www.birds-online.de\/wp-content\/uploads\/2020\/05\/fotoworkshop_blitzreflex01.jpg 800w\" sizes=\"auto, (max-width: 300px) 100vw, 300px\" \/><\/a><figcaption class=\"wp-element-caption\">Wenn man einen Blitz einsetzt, sollte man darauf achten, dies nicht vor reflektierenden Fl\u00e4chen wie Fensterscheiben zu tun, in denen sich das Licht spiegelt<\/figcaption><\/figure>\n<\/div>\n\n\n<p>In unserem Wohnumfeld gibt es einige spiegelnde Fl\u00e4chen wie zum Beispiel Fensterscheiben, Deko-Spiegel oder Vitrinent\u00fcren, die uns das Leben schwer machen k\u00f6nnen, wenn wir einen Blitz einsetzen. Wenn sich das Fotomotiv zwischen dem Fotografen und einer solchen Oberfl\u00e4che befindet und ein Blitz aufleuchtet, wird dieser von der Fl\u00e4che im Hintergrund reflektiert. Er ist als sehr heller Bereich hinter dem Vogel zu sehen und kann im Bild enorm st\u00f6rend wirken. F\u00fcr Abhilfe kann man leicht sorgen, indem man sich ein wenig schr\u00e4g stellt. Dann gibt es keine direkte Lichtreflexion im Hintergrund des Motivs, die Lichtstrahlen werden in eine andere Richtung abgelenkt und treffen nicht auf die Kamera und damit auf den Fotosensor in ihrem Inneren.<\/p>\n\n\n\n<h3 class=\"wp-block-heading\">Rote Augen<\/h3>\n\n\n\n<p>Werden V\u00f6gel mit Blitzlicht fotografiert, kann es bei ihnen ebenso wie bei Menschen auf den Bildern sp\u00e4ter rote Augen geben. Bei Tieren, die von Natur aus rote oder r\u00f6tliche Augen haben, zeigt sich dieser Effekt oft umso st\u00e4rker. Und gerade bei diesen V\u00f6geln lassen sich die roten Augen sp\u00e4ter auch nicht so leicht per Software entfernen. Diese w\u00fcrde die Augen einfach schwarz f\u00e4rben, was aber bei diesen Tieren zu einer verf\u00e4lschten Darstellung f\u00fchren w\u00fcrde \u2013 schlie\u00dflich haben beispielsweise Albinos in Wahrheit keine schwarzen Augen.<\/p>\n\n\n\n<p>Die Wahrscheinlichkeit, dass der Rote-Augen-Effekt auftritt, ist umso gr\u00f6\u00dfer, wenn die Lichtstrahlen direkt ins Auge fallen und von dort in die Kamera reflektiert werden. Wird ein Auge frontal angeblitzt, dann sieht man die unsch\u00f6ne Aufhellung entsprechend oft. Es ist hilfreich, den Vogel leicht schr\u00e4g anzublitzen, damit die am Augenhintergrund reflektierten Lichtstrahlen nicht direkt in die Kamera fallen k\u00f6nnen.<\/p>\n\n\n\n<div style=\"height:40px\" aria-hidden=\"true\" class=\"wp-block-spacer\"><\/div>\n\n\n\n<div class=\"wp-block-columns is-layout-flex wp-container-core-columns-is-layout-9d6595d7 wp-block-columns-is-layout-flex\">\n<div class=\"wp-block-column is-layout-flow wp-block-column-is-layout-flow\" style=\"flex-basis:45%\">\n<figure class=\"wp-block-image size-large\"><a href=\"https:\/\/www.birds-online.de\/wp-content\/uploads\/2020\/05\/rote-augen-effekt01.jpg\" data-src=\"https:\/\/www.birds-online.de\/wp-content\/uploads\/2020\/05\/rote-augen-effekt01.jpg\" data-thumb=\"https:\/\/www.birds-online.de\/wp-content\/uploads\/2020\/05\/rote-augen-effekt01-700x525.jpg\" class=\"ml-lightbox-enabled\"><img loading=\"lazy\" decoding=\"async\" width=\"700\" height=\"525\" src=\"https:\/\/www.birds-online.de\/wp-content\/uploads\/2020\/05\/rote-augen-effekt01-700x525.jpg\" alt=\"F\u00e4llt das Licht direkt ins Auge und wird direkt reflektiert, entsteht der Rote-Augen-Effekt\" class=\"wp-image-17286\" srcset=\"https:\/\/www.birds-online.de\/wp-content\/uploads\/2020\/05\/rote-augen-effekt01-700x525.jpg 700w, https:\/\/www.birds-online.de\/wp-content\/uploads\/2020\/05\/rote-augen-effekt01-300x225.jpg 300w, https:\/\/www.birds-online.de\/wp-content\/uploads\/2020\/05\/rote-augen-effekt01-768x576.jpg 768w, https:\/\/www.birds-online.de\/wp-content\/uploads\/2020\/05\/rote-augen-effekt01.jpg 800w\" sizes=\"auto, (max-width: 700px) 100vw, 700px\" \/><\/a><figcaption class=\"wp-element-caption\">F\u00e4llt das Licht direkt ins Auge und wird direkt reflektiert, entsteht der Rote-Augen-Effekt<\/figcaption><\/figure>\n<\/div>\n\n\n\n<div class=\"wp-block-column is-layout-flow wp-block-column-is-layout-flow\" style=\"flex-basis:10%\"><\/div>\n\n\n\n<div class=\"wp-block-column is-layout-flow wp-block-column-is-layout-flow\" style=\"flex-basis:45%\">\n<figure class=\"wp-block-image size-large\"><a href=\"https:\/\/www.birds-online.de\/wp-content\/uploads\/2020\/05\/kein-rote-augen-effekt01.jpg\" data-src=\"https:\/\/www.birds-online.de\/wp-content\/uploads\/2020\/05\/kein-rote-augen-effekt01.jpg\" data-thumb=\"https:\/\/www.birds-online.de\/wp-content\/uploads\/2020\/05\/kein-rote-augen-effekt01-700x525.jpg\" class=\"ml-lightbox-enabled\"><img loading=\"lazy\" decoding=\"async\" width=\"700\" height=\"525\" src=\"https:\/\/www.birds-online.de\/wp-content\/uploads\/2020\/05\/kein-rote-augen-effekt01-700x525.jpg\" alt=\"Derselbe Vogel aus einem etwas anderen Winkel fotografiert \u2013 und schon ist kein Rote-Augen-Effekt mehr zu sehen\" class=\"wp-image-17285\" srcset=\"https:\/\/www.birds-online.de\/wp-content\/uploads\/2020\/05\/kein-rote-augen-effekt01-700x525.jpg 700w, https:\/\/www.birds-online.de\/wp-content\/uploads\/2020\/05\/kein-rote-augen-effekt01-300x225.jpg 300w, https:\/\/www.birds-online.de\/wp-content\/uploads\/2020\/05\/kein-rote-augen-effekt01-768x576.jpg 768w, https:\/\/www.birds-online.de\/wp-content\/uploads\/2020\/05\/kein-rote-augen-effekt01.jpg 800w\" sizes=\"auto, (max-width: 700px) 100vw, 700px\" \/><\/a><figcaption class=\"wp-element-caption\">Derselbe Vogel aus einem etwas anderen Winkel fotografiert \u2013 und schon ist kein Rote-Augen-Effekt mehr zu sehen<\/figcaption><\/figure>\n<\/div>\n<\/div>\n\n\n\n<h3 class=\"wp-block-heading\">Blitzlicht als Erkennungshilfe f\u00fcr Gesundheitsprobleme<\/h3>\n\n\n<div class=\"wp-block-image\">\n<figure class=\"alignright\"><a href=\"https:\/\/www.birds-online.de\/wp-content\/uploads\/2018\/09\/katarakt01.jpg\" data-src=\"https:\/\/www.birds-online.de\/wp-content\/uploads\/2018\/09\/katarakt01.jpg\" data-thumb=\"https:\/\/www.birds-online.de\/wp-content\/uploads\/2018\/09\/katarakt01-300x225.jpg\" class=\"ml-lightbox-enabled\"><img loading=\"lazy\" decoding=\"async\" width=\"300\" height=\"225\" src=\"https:\/\/www.birds-online.de\/wp-content\/uploads\/2018\/09\/katarakt01-300x225.jpg\" alt=\"Bei diesem fast 19 Jahre alten Wellensittich ist der Graue Star sehr weit fortgeschritten, der Vogel ist vollst\u00e4ndig blind\" class=\"wp-image-4949\" srcset=\"https:\/\/www.birds-online.de\/wp-content\/uploads\/2018\/09\/katarakt01-300x225.jpg 300w, https:\/\/www.birds-online.de\/wp-content\/uploads\/2018\/09\/katarakt01-768x576.jpg 768w, https:\/\/www.birds-online.de\/wp-content\/uploads\/2018\/09\/katarakt01-700x525.jpg 700w, https:\/\/www.birds-online.de\/wp-content\/uploads\/2018\/09\/katarakt01.jpg 800w\" sizes=\"auto, (max-width: 300px) 100vw, 300px\" \/><\/a><figcaption class=\"wp-element-caption\">Bei diesem fast 19 Jahre alten Wellensittich ist der Graue Star sehr weit fortgeschritten, der Vogel ist vollst\u00e4ndig blind<\/figcaption><\/figure>\n<\/div>\n\n\n<p>Bestimmte Ver\u00e4nderungen in den Augen der V\u00f6gel k\u00f6nnen dazu f\u00fchren, dass die Tiere auf Fotos pl\u00f6tzlich graue oder wei\u00dflich-r\u00f6tliche Reflexe in den Sehorganen zeigen. Vor allem bei sehr alten V\u00f6geln tritt eine Grauf\u00e4rbung des Auges beim Einfall von Blitzlicht auf, wenn sich bei den Tieren ein <a href=\"https:\/\/www.birds-online.de\/wp\/bo\/gesundheit-handicaps\/gesundheit\/sonstige-krankheiten-symptome\/grauer-star\/\">Grauer Star<\/a>, also eine Eintr\u00fcbung der Linse, entwickelt. Weitere Augenerkrankungen oder -verletzungen k\u00f6nnen zu seltsamen Reflexionseffekten f\u00fchren. Wenn sich beispielsweise infolge einer Einblutung ins Auge die Netzhaut abgel\u00f6st hat, erscheint das Sehorgan beim Einfall von Blitzlicht wei\u00dflich und die Pupille ist oft st\u00e4ndig geweitet. Weil die betroffenen Tiere in aller Regel vollst\u00e4ndig blind sind, ziehen sich die Pupillen selbst bei starkem Lichteinfall nicht mehr zusammen.<\/p>\n\n\n\n<p>Falls Sie solche Effekte bei einem Ihrer V\u00f6gel auf Fotos erkennen, sollten Sie unbedingt schnellstm\u00f6glich einen <a href=\"https:\/\/www.birds-online.de\/wp\/bo\/gesundheit-handicaps\/gesundheit\/allgemein\/tierarztbesuch\/vogelkundige-tieraerzte\/\">vogelkundigen Tierarzt<\/a>&nbsp;oder einen Tier-Augenarzt aufsuchen und Ihren gefiederten Sch\u00fctzling untersuchen lassen.<\/p>\n\n\n\n<div style=\"height:40px\" aria-hidden=\"true\" class=\"wp-block-spacer\"><\/div>\n\n\n\n<div class=\"wp-block-columns is-layout-flex wp-container-core-columns-is-layout-9d6595d7 wp-block-columns-is-layout-flex\">\n<div class=\"wp-block-column is-layout-flow wp-block-column-is-layout-flow\" style=\"flex-basis:45%\">\n<figure class=\"wp-block-image size-large\"><a href=\"https:\/\/www.birds-online.de\/wp-content\/uploads\/2018\/10\/reflex_im_auge01.jpg\" data-src=\"https:\/\/www.birds-online.de\/wp-content\/uploads\/2018\/10\/reflex_im_auge01.jpg\" data-thumb=\"https:\/\/www.birds-online.de\/wp-content\/uploads\/2018\/10\/reflex_im_auge01-700x525.jpg\" class=\"ml-lightbox-enabled\"><img loading=\"lazy\" decoding=\"async\" width=\"700\" height=\"525\" src=\"https:\/\/www.birds-online.de\/wp-content\/uploads\/2018\/10\/reflex_im_auge01-700x525.jpg\" alt=\"Zeigen sich bei V\u00f6geln auf Fotos immer solche grauen 'Lichtreflexe' im Auge, kann es sein, dass sich in dem Sehorgan eine Tr\u00fcbung befindet und das Tier bereits seine Sehf\u00e4higkeit verloren hat\" class=\"wp-image-5651\" srcset=\"https:\/\/www.birds-online.de\/wp-content\/uploads\/2018\/10\/reflex_im_auge01-700x525.jpg 700w, https:\/\/www.birds-online.de\/wp-content\/uploads\/2018\/10\/reflex_im_auge01-300x225.jpg 300w, https:\/\/www.birds-online.de\/wp-content\/uploads\/2018\/10\/reflex_im_auge01-768x576.jpg 768w, https:\/\/www.birds-online.de\/wp-content\/uploads\/2018\/10\/reflex_im_auge01.jpg 800w\" sizes=\"auto, (max-width: 700px) 100vw, 700px\" \/><\/a><figcaption class=\"wp-element-caption\">Zeigen sich bei V\u00f6geln auf Fotos immer solche grauen &#8216;Lichtreflexe&#8217; im Auge, kann es sein, dass sich in dem Sehorgan eine Tr\u00fcbung befindet und das Tier bereits seine Sehf\u00e4higkeit verloren hat<\/figcaption><\/figure>\n<\/div>\n\n\n\n<div class=\"wp-block-column is-layout-flow wp-block-column-is-layout-flow\" style=\"flex-basis:10%\"><\/div>\n\n\n\n<div class=\"wp-block-column is-layout-flow wp-block-column-is-layout-flow\" style=\"flex-basis:45%\">\n<figure class=\"wp-block-image size-large\"><a href=\"https:\/\/www.birds-online.de\/wp-content\/uploads\/2020\/05\/netzhautabloesung02.jpg\" data-src=\"https:\/\/www.birds-online.de\/wp-content\/uploads\/2020\/05\/netzhautabloesung02.jpg\" data-thumb=\"https:\/\/www.birds-online.de\/wp-content\/uploads\/2020\/05\/netzhautabloesung02-700x525.jpg\" class=\"ml-lightbox-enabled\"><img loading=\"lazy\" decoding=\"async\" width=\"700\" height=\"525\" src=\"https:\/\/www.birds-online.de\/wp-content\/uploads\/2020\/05\/netzhautabloesung02-700x525.jpg\" alt=\"Durch einen schweren Unfall hat sich die Netzhaut dieses Vogels abgel\u00f6st, der Katharinasittich ist vollst\u00e4ndig blind und zeigt bei Blitzlichteinfall ins Auge extreme Lichtreflexe\" class=\"wp-image-17289\" srcset=\"https:\/\/www.birds-online.de\/wp-content\/uploads\/2020\/05\/netzhautabloesung02-700x525.jpg 700w, https:\/\/www.birds-online.de\/wp-content\/uploads\/2020\/05\/netzhautabloesung02-300x225.jpg 300w, https:\/\/www.birds-online.de\/wp-content\/uploads\/2020\/05\/netzhautabloesung02-768x576.jpg 768w, https:\/\/www.birds-online.de\/wp-content\/uploads\/2020\/05\/netzhautabloesung02.jpg 800w\" sizes=\"auto, (max-width: 700px) 100vw, 700px\" \/><\/a><figcaption class=\"wp-element-caption\">Durch einen schweren Unfall hat sich die Netzhaut dieses Vogels abgel\u00f6st, der Katharinasittich ist vollst\u00e4ndig blind und zeigt bei Blitzlichteinfall ins Auge extreme Lichtreflexe<\/figcaption><\/figure>\n<\/div>\n<\/div>\n","protected":false},"excerpt":{"rendered":"<p>Infos rund um das Thema Blitzlicht in der Vogelfotografie<\/p>\n","protected":false},"author":1,"featured_media":17310,"parent":866,"menu_order":6,"comment_status":"closed","ping_status":"closed","template":"","meta":{"footnotes":""},"class_list":["post-882","page","type-page","status-publish","has-post-thumbnail","hentry"],"_links":{"self":[{"href":"https:\/\/www.birds-online.de\/wp\/wp-json\/wp\/v2\/pages\/882","targetHints":{"allow":["GET"]}}],"collection":[{"href":"https:\/\/www.birds-online.de\/wp\/wp-json\/wp\/v2\/pages"}],"about":[{"href":"https:\/\/www.birds-online.de\/wp\/wp-json\/wp\/v2\/types\/page"}],"author":[{"embeddable":true,"href":"https:\/\/www.birds-online.de\/wp\/wp-json\/wp\/v2\/users\/1"}],"replies":[{"embeddable":true,"href":"https:\/\/www.birds-online.de\/wp\/wp-json\/wp\/v2\/comments?post=882"}],"version-history":[{"count":0,"href":"https:\/\/www.birds-online.de\/wp\/wp-json\/wp\/v2\/pages\/882\/revisions"}],"up":[{"embeddable":true,"href":"https:\/\/www.birds-online.de\/wp\/wp-json\/wp\/v2\/pages\/866"}],"wp:featuredmedia":[{"embeddable":true,"href":"https:\/\/www.birds-online.de\/wp\/wp-json\/wp\/v2\/media\/17310"}],"wp:attachment":[{"href":"https:\/\/www.birds-online.de\/wp\/wp-json\/wp\/v2\/media?parent=882"}],"curies":[{"name":"wp","href":"https:\/\/api.w.org\/{rel}","templated":true}]}}